{"id":485,"date":"2017-11-28T10:00:41","date_gmt":"2017-11-28T09:00:41","guid":{"rendered":"https:\/\/vorsorge.bav.digital\/forumarbeitgebervorsorge\/?page_id=485"},"modified":"2021-10-27T14:27:45","modified_gmt":"2021-10-27T12:27:45","slug":"start","status":"publish","type":"page","link":"https:\/\/vorsorge.bav.digital\/forumarbeitgebervorsorge\/","title":{"rendered":"Startseite"},"content":{"rendered":"<div id='full_slider_1'  class='avia-fullwidth-slider main_color avia-shadow   avia-builder-el-0  el_before_av_section  avia-builder-el-first   container_wrap sidebar_right'  ><div  class='avia-slideshow av-av_slideshow_full-7af8eeb708987fb6dfffa2b3328e579d avia-slideshow-no scaling av_slideshow_full avia-fade-slider av-slideshow-ui av-control-hidden av-no-slider-navigation av-hide-nav-arrows av-slideshow-manual av-loop-once av-loop-manual-endless av-default-height-applied   avia-slideshow-1' data-slideshow-options=\"{&quot;animation&quot;:&quot;fade&quot;,&quot;autoplay&quot;:false,&quot;loop_autoplay&quot;:&quot;once&quot;,&quot;interval&quot;:100,&quot;loop_manual&quot;:&quot;manual-endless&quot;,&quot;autoplay_stopper&quot;:false,&quot;noNavigation&quot;:true,&quot;bg_slider&quot;:false,&quot;keep_padding&quot;:false,&quot;hoverpause&quot;:false,&quot;show_slide_delay&quot;:0}\"  itemprop=\"image\" itemscope=\"itemscope\" itemtype=\"https:\/\/schema.org\/ImageObject\" ><ul class='avia-slideshow-inner ' style='padding-bottom: 31.5234375%;'><li  class='avia-slideshow-slide av-av_slideshow_full-7af8eeb708987fb6dfffa2b3328e579d__0  av-single-slide slide-1 slide-odd'><div data-rel='slideshow-1' class='avia-slide-wrap '   ><div class='av-slideshow-caption av-av_slideshow_full-7af8eeb708987fb6dfffa2b3328e579d__0 caption_fullwidth caption_right caption_right_framed caption_framed'><div class=\"container caption_container\"><div class=\"slideshow_caption\"><div class=\"slideshow_inner_caption\"><div class=\"slideshow_align_caption\"><h2 class='avia-caption-title '  itemprop=\"name\" >Sorgenfrei in die Zukunft blicken<\/h2><div class='avia-caption-content '  itemprop=\"description\" ><p>So profitieren Sie und Ihre Mitarbeiter:innen von der betrieblichen Vorsorge<\/p>\n<\/div><a href='#kontakt'  class='avia-slideshow-button avia-button avia-color-theme-color ' data-duration='800' data-easing='easeInOutQuad'>Kontakt aufnehmen<\/a><\/div><\/div><\/div><\/div><\/div><img decoding=\"async\" class=\"wp-image-1381 avia-img-lazy-loading-not-1381\"  src=\"https:\/\/vorsorge.bav.digital\/forumarbeitgebervorsorge\/wp-content\/uploads\/sites\/103\/2021\/06\/header-startseite-scaled.jpg\" width=\"2560\" height=\"807\" title='Header-Startseite' alt=''  itemprop=\"thumbnailUrl\" srcset=\"https:\/\/vorsorge.bav.digital\/forumarbeitgebervorsorge\/wp-content\/uploads\/sites\/103\/2021\/06\/header-startseite-scaled.jpg 2560w, https:\/\/vorsorge.bav.digital\/forumarbeitgebervorsorge\/wp-content\/uploads\/sites\/103\/2021\/06\/header-startseite-300x95.jpg 300w, https:\/\/vorsorge.bav.digital\/forumarbeitgebervorsorge\/wp-content\/uploads\/sites\/103\/2021\/06\/header-startseite-1030x325.jpg 1030w, https:\/\/vorsorge.bav.digital\/forumarbeitgebervorsorge\/wp-content\/uploads\/sites\/103\/2021\/06\/header-startseite-768x242.jpg 768w, https:\/\/vorsorge.bav.digital\/forumarbeitgebervorsorge\/wp-content\/uploads\/sites\/103\/2021\/06\/header-startseite-1536x484.jpg 1536w, https:\/\/vorsorge.bav.digital\/forumarbeitgebervorsorge\/wp-content\/uploads\/sites\/103\/2021\/06\/header-startseite-2048x646.jpg 2048w, https:\/\/vorsorge.bav.digital\/forumarbeitgebervorsorge\/wp-content\/uploads\/sites\/103\/2021\/06\/header-startseite-1500x473.jpg 1500w, https:\/\/vorsorge.bav.digital\/forumarbeitgebervorsorge\/wp-content\/uploads\/sites\/103\/2021\/06\/header-startseite-705x222.jpg 705w, https:\/\/vorsorge.bav.digital\/forumarbeitgebervorsorge\/wp-content\/uploads\/sites\/103\/2021\/06\/header-startseite-450x142.jpg 450w\" sizes=\"(max-width: 2560px) 100vw, 2560px\" \/><\/div><\/li><\/ul><\/div><\/div>\n<div id='av_section_1'  class='avia-section av-av_section-1f1977f6efab0c98093a3e01788c118a main_color avia-section-large avia-no-shadow  avia-builder-el-1  el_after_av_slideshow_full  el_before_av_section  avia-bg-style-scroll container_wrap sidebar_right'  ><div class='container av-section-cont-open' ><div class='template-page content  av-content-small alpha units'><div class='post-entry post-entry-type-page post-entry-485'><div class='entry-content-wrapper clearfix'>\n\n<style type=\"text\/css\" data-created_by=\"avia_inline_auto\" id=\"style-css-av-av_three_fifth-15d750bd1b332b34c6e70b077ebbccdf\">\n.flex_column.av-av_three_fifth-15d750bd1b332b34c6e70b077ebbccdf{\n-webkit-border-radius:0px 0px 0px 0px;\n-moz-border-radius:0px 0px 0px 0px;\nborder-radius:0px 0px 0px 0px;\npadding:0px 0px 0px 0px;\n}\n<\/style>\n<div class='flex_column av-av_three_fifth-15d750bd1b332b34c6e70b077ebbccdf av_three_fifth  avia-builder-el-2  el_before_av_two_fifth  avia-builder-el-first  first flex_column_div av-zero-column-padding '     ><p>\n<style type=\"text\/css\" data-created_by=\"avia_inline_auto\" id=\"style-css-av-av_heading-2f9c16c0fd278670e108e7ea18fa1c0a\">\n#top .av-special-heading.av-av_heading-2f9c16c0fd278670e108e7ea18fa1c0a{\npadding-bottom:10px;\n}\nbody .av-special-heading.av-av_heading-2f9c16c0fd278670e108e7ea18fa1c0a .av-special-heading-tag .heading-char{\nfont-size:25px;\n}\n.av-special-heading.av-av_heading-2f9c16c0fd278670e108e7ea18fa1c0a .av-subheading{\nfont-size:15px;\n}\n<\/style>\n<div  class='av-special-heading av-av_heading-2f9c16c0fd278670e108e7ea18fa1c0a av-special-heading-h2 blockquote modern-quote  avia-builder-el-3  el_before_av_hr  avia-builder-el-first '><h2 class='av-special-heading-tag'  itemprop=\"headline\"  >Betriebliche Vorsorge ist TOP-Benefit<\/h2><div class=\"special-heading-border\"><div class=\"special-heading-inner-border\"><\/div><\/div><\/div><br \/>\n\n<style type=\"text\/css\" data-created_by=\"avia_inline_auto\" id=\"style-css-av-av_hr-616cd310f4c6bf63bbd1f033802c1165\">\n#top .hr.hr-invisible.av-av_hr-616cd310f4c6bf63bbd1f033802c1165{\nheight:20px;\n}\n<\/style>\n<div  class='hr av-av_hr-616cd310f4c6bf63bbd1f033802c1165 hr-invisible  avia-builder-el-4  el_after_av_heading  el_before_av_textblock '><span class='hr-inner '><span class=\"hr-inner-style\"><\/span><\/span><\/div><br \/>\n<section  class='av_textblock_section av-av_textblock-2de302bf1aa3cf4c9157dbe6f50ac7eb'  itemscope=\"itemscope\" itemtype=\"https:\/\/schema.org\/CreativeWork\" ><div class='avia_textblock'  itemprop=\"text\" ><p><span data-contrast=\"auto\">Oft entscheiden bei\u00a0Bewerber:innen\u00a0Kleinigkeiten bei der Wahl des Arbeitsplatzes. Eine gut implementierte betriebliche Vorsorge bietet Ihrem Unternehmen die M\u00f6glichkeit, sich als attraktiver Arbeitgeber von der Konkurrenz abzuheben. So gewinnen Sie nicht nur neue Talente, sondern schaffen eine starke Mitarbeiterbindung und hohe Motivation.<\/span><span data-ccp-props=\"{\">\u00a0<\/span><\/p>\n<p><span data-contrast=\"auto\">Eine repr\u00e4sentative StepStone-Umfrage beweist, dass vielen\u00a0Mitarbeiter:innen\u00a0bewusst ist, wie wichtig das Thema Rente und Vorsorge wirklich ist.<\/span><br \/>\n<span data-contrast=\"auto\">Von einer betrieblichen Vorsorge, die bedarfsgerecht auf Ihr Unternehmen und Ihre Angestellten zugeschnitten ist, profitieren beide Parteien. Arbeitgeber, die dieses Instrument nutzen, sollten es auch aktiv, beispielsweise in Stellenanzeigen oder Mitarbeitergespr\u00e4chen, kommunizieren. Wenn Arbeitgeber ihren Besch\u00e4ftigten aufzeigen, wie sie durch eine betriebliche Vorsorge finanzielle Unterst\u00fctzung leisten, kann das die Bindung zum Unternehmen nochmals st\u00e4rken.<\/span><span data-ccp-props=\"{\">\u00a0<\/span><\/p>\n<\/div><\/section><\/p><\/div>\n<style type=\"text\/css\" data-created_by=\"avia_inline_auto\" id=\"style-css-av-av_two_fifth-c8fc129dc35fd1ae2a1e410224d39ea8\">\n.flex_column.av-av_two_fifth-c8fc129dc35fd1ae2a1e410224d39ea8{\n-webkit-border-radius:0px 0px 0px 0px;\n-moz-border-radius:0px 0px 0px 0px;\nborder-radius:0px 0px 0px 0px;\npadding:0px 0px 0px 0px;\n}\n<\/style>\n<div class='flex_column av-av_two_fifth-c8fc129dc35fd1ae2a1e410224d39ea8 av_two_fifth  avia-builder-el-6  el_after_av_three_fifth  el_before_av_hr  flex_column_div av-zero-column-padding '     ><p>\n<style type=\"text\/css\" data-created_by=\"avia_inline_auto\" id=\"style-css-av-av_hr-fbebcb4fe7f7f93a621d8b6783460008\">\n#top .hr.hr-invisible.av-av_hr-fbebcb4fe7f7f93a621d8b6783460008{\nheight:30px;\n}\n<\/style>\n<div  class='hr av-av_hr-fbebcb4fe7f7f93a621d8b6783460008 hr-invisible  avia-builder-el-7  el_before_av_image  avia-builder-el-first '><span class='hr-inner '><span class=\"hr-inner-style\"><\/span><\/span><\/div><br \/>\n\n<style type=\"text\/css\" data-created_by=\"avia_inline_auto\" id=\"style-css-av-av_image-19966c1e0fd89dff704057965dac33d7\">\n.avia-image-container.av-av_image-19966c1e0fd89dff704057965dac33d7 img.avia_image{\nbox-shadow:none;\n}\n.avia-image-container.av-av_image-19966c1e0fd89dff704057965dac33d7 .av-image-caption-overlay-center{\ncolor:#ffffff;\n}\n<\/style>\n<div  class='avia-image-container av-av_image-19966c1e0fd89dff704057965dac33d7 av-styling- avia-align-center  avia-builder-el-8  el_after_av_hr  el_before_av_textblock '   itemprop=\"image\" itemscope=\"itemscope\" itemtype=\"https:\/\/schema.org\/ImageObject\" ><div class=\"avia-image-container-inner\"><div class=\"avia-image-overlay-wrap\"><a href=\"https:\/\/vorsorge.bav.digital\/forumarbeitgebervorsorge\/wp-content\/uploads\/sites\/103\/2021\/10\/top-3-mitarbeiter-benefits.jpg\" data-srcset=\"https:\/\/vorsorge.bav.digital\/forumarbeitgebervorsorge\/wp-content\/uploads\/sites\/103\/2021\/10\/top-3-mitarbeiter-benefits.jpg 773w, https:\/\/vorsorge.bav.digital\/forumarbeitgebervorsorge\/wp-content\/uploads\/sites\/103\/2021\/10\/top-3-mitarbeiter-benefits-300x236.jpg 300w, https:\/\/vorsorge.bav.digital\/forumarbeitgebervorsorge\/wp-content\/uploads\/sites\/103\/2021\/10\/top-3-mitarbeiter-benefits-768x605.jpg 768w, https:\/\/vorsorge.bav.digital\/forumarbeitgebervorsorge\/wp-content\/uploads\/sites\/103\/2021\/10\/top-3-mitarbeiter-benefits-705x555.jpg 705w, https:\/\/vorsorge.bav.digital\/forumarbeitgebervorsorge\/wp-content\/uploads\/sites\/103\/2021\/10\/top-3-mitarbeiter-benefits-450x355.jpg 450w\" data-sizes=\"(max-width: 773px) 100vw, 773px\" class='avia_image' ><img decoding=\"async\" class='wp-image-1661 avia-img-lazy-loading-not-1661 avia_image ' src=\"https:\/\/vorsorge.bav.digital\/forumarbeitgebervorsorge\/wp-content\/uploads\/sites\/103\/2021\/10\/top-3-mitarbeiter-benefits.jpg\" alt='' title='top-3-mitarbeiter-benefits'  height=\"609\" width=\"773\"  itemprop=\"thumbnailUrl\" srcset=\"https:\/\/vorsorge.bav.digital\/forumarbeitgebervorsorge\/wp-content\/uploads\/sites\/103\/2021\/10\/top-3-mitarbeiter-benefits.jpg 773w, https:\/\/vorsorge.bav.digital\/forumarbeitgebervorsorge\/wp-content\/uploads\/sites\/103\/2021\/10\/top-3-mitarbeiter-benefits-300x236.jpg 300w, https:\/\/vorsorge.bav.digital\/forumarbeitgebervorsorge\/wp-content\/uploads\/sites\/103\/2021\/10\/top-3-mitarbeiter-benefits-768x605.jpg 768w, https:\/\/vorsorge.bav.digital\/forumarbeitgebervorsorge\/wp-content\/uploads\/sites\/103\/2021\/10\/top-3-mitarbeiter-benefits-705x555.jpg 705w, https:\/\/vorsorge.bav.digital\/forumarbeitgebervorsorge\/wp-content\/uploads\/sites\/103\/2021\/10\/top-3-mitarbeiter-benefits-450x355.jpg 450w\" sizes=\"(max-width: 773px) 100vw, 773px\" \/><\/a><\/div><\/div><\/div><br \/>\n\n<style type=\"text\/css\" data-created_by=\"avia_inline_auto\" id=\"style-css-av-av_textblock-95bed5ec9a067e36747f807e99517494\">\n#top .av_textblock_section.av-av_textblock-95bed5ec9a067e36747f807e99517494 .avia_textblock{\nfont-size:10px;\n}\n<\/style>\n<section  class='av_textblock_section av-av_textblock-95bed5ec9a067e36747f807e99517494'  itemscope=\"itemscope\" itemtype=\"https:\/\/schema.org\/CreativeWork\" ><div class='avia_textblock'  itemprop=\"text\" ><p style=\"text-align: center;\">Quelle: Stepstone 10\/2020<\/p>\n<\/div><\/section><\/p><\/div>\n<style type=\"text\/css\" data-created_by=\"avia_inline_auto\" id=\"style-css-av-av_hr-4474f20d2389e2e5ecf918a02da5132e\">\n#top .hr.hr-invisible.av-av_hr-4474f20d2389e2e5ecf918a02da5132e{\nheight:50px;\n}\n<\/style>\n<div  class='hr av-av_hr-4474f20d2389e2e5ecf918a02da5132e hr-invisible  avia-builder-el-10  el_after_av_two_fifth  el_before_av_portfolio  avia-builder-el-last '><span class='hr-inner '><span class=\"hr-inner-style\"><\/span><\/span><\/div>\n<div  id=\"av-sc-portfolio-1\"  class=\"av-portfolio-grid-sorting-container\"><div class='sort_width_container  av-sort-yes' data-portfolio-id='1' ><div id='js_sort_items' ><div class='sort_by_cat hidden'><a href=\"#\" data-filter=\"all_sort\" class=\"all_sort_button active_sort\"><span class=\"inner_sort_button\"><span>Alle<\/span><small class=\"av-cat-count\"> 3 <\/small><\/span><\/a><span class=\"text-sep services_sort_sep\">\/<\/span><a href=\"#\" data-filter=\"services_sort\" class=\"services_sort_button\" ><span class=\"inner_sort_button\"><span>Services<\/span><small class=\"av-cat-count\"> 3 <\/small><\/span><\/a><\/div><\/div><\/div><div  class=' grid-sort-container isotope   no_margin-container with-title-container grid-total-odd grid-col-3 grid-links-' data-portfolio-id='1'><div data-ajax-id='335' class=' grid-entry flex_column isotope-item all_sort no_margin post-entry post-entry-335 grid-entry-overview grid-loop-1 grid-parity-odd  services_sort  av_one_third first default_av_fullwidth '><article class='main_color inner-entry'  itemscope=\"itemscope\" itemtype=\"https:\/\/schema.org\/CreativeWork\" ><a href=\"https:\/\/vorsorge.bav.digital\/forumarbeitgebervorsorge\/#bav\" title='Alles zur betrieblichen Altersvorsorge'  data-rel='grid-1' class='grid-image avia-hover-fx'> <img decoding=\"async\" width=\"495\" height=\"400\" src=\"https:\/\/vorsorge.bav.digital\/forumarbeitgebervorsorge\/wp-content\/uploads\/sites\/103\/2017\/10\/istock-1198993120_bearbeitet-2-495x400.jpg\" class=\"wp-image-1435 avia-img-lazy-loading-not-1435 attachment-portfolio size-portfolio wp-post-image\" alt=\"\" srcset=\"https:\/\/vorsorge.bav.digital\/forumarbeitgebervorsorge\/wp-content\/uploads\/sites\/103\/2017\/10\/istock-1198993120_bearbeitet-2-495x400.jpg 495w, https:\/\/vorsorge.bav.digital\/forumarbeitgebervorsorge\/wp-content\/uploads\/sites\/103\/2017\/10\/istock-1198993120_bearbeitet-2-845x684.jpg 845w\" sizes=\"(max-width: 495px) 100vw, 495px\" \/><\/a><div class='grid-content'><div class='avia-arrow'><\/div><header class=\"entry-content-header\"><h3 class='grid-entry-title entry-title '  itemprop=\"headline\" >Alles zur betrieblichen Altersvorsorge<\/h3><\/header><\/div><footer class=\"entry-footer\"><\/footer><\/article><\/div><div data-ajax-id='333' class=' grid-entry flex_column isotope-item all_sort no_margin post-entry post-entry-333 grid-entry-overview grid-loop-2 grid-parity-even  services_sort  av_one_third  default_av_fullwidth '><article class='main_color inner-entry'  itemscope=\"itemscope\" itemtype=\"https:\/\/schema.org\/CreativeWork\" ><a href=\"https:\/\/vorsorge.bav.digital\/forumarbeitgebervorsorge\/#bbu\" title='Alles zur betrieblichen Berufsunf\u00e4higkeitsversicherung'  data-rel='grid-1' class='grid-image avia-hover-fx'> <img decoding=\"async\" width=\"495\" height=\"400\" src=\"https:\/\/vorsorge.bav.digital\/forumarbeitgebervorsorge\/wp-content\/uploads\/sites\/103\/2017\/10\/istock-629605642-2-495x400.jpg\" class=\"wp-image-1438 avia-img-lazy-loading-not-1438 attachment-portfolio size-portfolio wp-post-image\" alt=\"\" srcset=\"https:\/\/vorsorge.bav.digital\/forumarbeitgebervorsorge\/wp-content\/uploads\/sites\/103\/2017\/10\/istock-629605642-2-495x400.jpg 495w, https:\/\/vorsorge.bav.digital\/forumarbeitgebervorsorge\/wp-content\/uploads\/sites\/103\/2017\/10\/istock-629605642-2-845x684.jpg 845w\" sizes=\"(max-width: 495px) 100vw, 495px\" \/><\/a><div class='grid-content'><div class='avia-arrow'><\/div><header class=\"entry-content-header\"><h3 class='grid-entry-title entry-title '  itemprop=\"headline\" >Alles zur betrieblichen Berufsunf\u00e4higkeitsversicherung<\/h3><\/header><\/div><footer class=\"entry-footer\"><\/footer><\/article><\/div><div data-ajax-id='334' class=' grid-entry flex_column isotope-item all_sort no_margin post-entry post-entry-334 grid-entry-overview grid-loop-3 grid-parity-odd  post-entry-last  services_sort  av_one_third  default_av_fullwidth '><article class='main_color inner-entry'  itemscope=\"itemscope\" itemtype=\"https:\/\/schema.org\/CreativeWork\" ><a href=\"https:\/\/vorsorge.bav.digital\/forumarbeitgebervorsorge\/#bkv\" title='Alles zur betrieblichen Krankenversicherung'  data-rel='grid-1' class='grid-image avia-hover-fx'> <img decoding=\"async\" width=\"495\" height=\"400\" src=\"https:\/\/vorsorge.bav.digital\/forumarbeitgebervorsorge\/wp-content\/uploads\/sites\/103\/2017\/10\/istock-911999972-2-1-495x400.jpg\" class=\"wp-image-1658 avia-img-lazy-loading-not-1658 attachment-portfolio size-portfolio wp-post-image\" alt=\"\" srcset=\"https:\/\/vorsorge.bav.digital\/forumarbeitgebervorsorge\/wp-content\/uploads\/sites\/103\/2017\/10\/istock-911999972-2-1-495x400.jpg 495w, https:\/\/vorsorge.bav.digital\/forumarbeitgebervorsorge\/wp-content\/uploads\/sites\/103\/2017\/10\/istock-911999972-2-1-845x684.jpg 845w\" sizes=\"(max-width: 495px) 100vw, 495px\" \/><\/a><div class='grid-content'><div class='avia-arrow'><\/div><header class=\"entry-content-header\"><h3 class='grid-entry-title entry-title '  itemprop=\"headline\" >Alles zur betrieblichen Krankenversicherung<\/h3><\/header><\/div><footer class=\"entry-footer\"><\/footer><\/article><\/div><\/div><\/div>   <!--   class=\"av-portfolio-grid-sorting-container\"  -->\n\n<\/div><\/div><\/div><!-- close content main div --><\/div><\/div>\n<style type=\"text\/css\" data-created_by=\"avia_inline_auto\" id=\"style-css-av-av_section-6fd8a797487fe606b657a3feaa605a47\">\n.avia-section.av-av_section-6fd8a797487fe606b657a3feaa605a47{\nbackground-repeat:no-repeat;\nbackground-image:url(https:\/\/vorsorge.bav.digital\/forumarbeitgebervorsorge\/wp-content\/uploads\/sites\/103\/2021\/06\/header-bav-1030x325.jpg);\nbackground-position:0% 0%;\nbackground-attachment:scroll;\n}\n.avia-section.av-av_section-6fd8a797487fe606b657a3feaa605a47 .av-section-color-overlay{\nopacity:0.8;\nbackground-color:#f2f9f3;\n}\n<\/style>\n<div id='bav'  class='avia-section av-av_section-6fd8a797487fe606b657a3feaa605a47 main_color avia-section-large avia-no-shadow  avia-builder-el-12  el_after_av_section  el_before_av_section  avia-full-stretch avia-bg-style-scroll av-section-color-overlay-active container_wrap sidebar_right'  data-section-bg-repeat='stretch'><div class=\"av-section-color-overlay-wrap\"><div class=\"av-section-color-overlay\"><\/div><div class='container av-section-cont-open' ><div class='template-page content  av-content-small alpha units'><div class='post-entry post-entry-type-page post-entry-485'><div class='entry-content-wrapper clearfix'>\n\n<style type=\"text\/css\" data-created_by=\"avia_inline_auto\" id=\"style-css-av-av_heading-9ed1ba18f1243c3772c90357867c990f\">\n#top .av-special-heading.av-av_heading-9ed1ba18f1243c3772c90357867c990f{\npadding-bottom:10px;\n}\nbody .av-special-heading.av-av_heading-9ed1ba18f1243c3772c90357867c990f .av-special-heading-tag .heading-char{\nfont-size:25px;\n}\n.av-special-heading.av-av_heading-9ed1ba18f1243c3772c90357867c990f .av-subheading{\nfont-size:15px;\n}\n<\/style>\n<div  class='av-special-heading av-av_heading-9ed1ba18f1243c3772c90357867c990f av-special-heading-h2 blockquote modern-quote  avia-builder-el-13  el_before_av_hr  avia-builder-el-first '><h2 class='av-special-heading-tag'  itemprop=\"headline\"  >Betriebliche Altersvorsorge<\/h2><div class=\"special-heading-border\"><div class=\"special-heading-inner-border\"><\/div><\/div><\/div>\n\n<style type=\"text\/css\" data-created_by=\"avia_inline_auto\" id=\"style-css-av-av_hr-616cd310f4c6bf63bbd1f033802c1165\">\n#top .hr.hr-invisible.av-av_hr-616cd310f4c6bf63bbd1f033802c1165{\nheight:20px;\n}\n<\/style>\n<div  class='hr av-av_hr-616cd310f4c6bf63bbd1f033802c1165 hr-invisible  avia-builder-el-14  el_after_av_heading  el_before_av_textblock '><span class='hr-inner '><span class=\"hr-inner-style\"><\/span><\/span><\/div>\n<section  class='av_textblock_section av-av_textblock-2de302bf1aa3cf4c9157dbe6f50ac7eb'  itemscope=\"itemscope\" itemtype=\"https:\/\/schema.org\/CreativeWork\" ><div class='avia_textblock'  itemprop=\"text\" ><p><span data-contrast=\"auto\">Wie wichtig das Thema betriebliche Altersvorsorge ist, unterstreicht auch die Bundesregierung. Seit 2018 ist das Betriebsrentenst\u00e4rkungsgesetz (BRSG) in Kraft und zielt darauf ab, die Betriebsrente weiter zu verbreiten und f\u00fcr Mitarbeiter:innen, aber auch Arbeitgeber attraktiver zu machen. Eine bAV bietet Ihnen auch viele Chancen. Immer h\u00e4ufiger wird bei der Wahl des Arbeitgebers auf attraktive Zusatzleistungen wie die arbeitgeberfinanzierte Altersvorsorge geachtet. Positionieren Sie sich als Arbeitgeber, dem das Wohl und die Zukunft seiner Mitarbeiter:innen am Herzen liegt und bezuschussen Sie die Beitr\u00e4ge Ihrer Belegschaft.<\/span><span data-ccp-props=\"{\">\u00a0<\/span><\/p>\n<p><span data-contrast=\"auto\">Damit Sie sich auf Ihre Kernkompetenzen konzentrieren k\u00f6nnen, \u00fcbernehmen wir f\u00fcr Sie das, was wir am besten k\u00f6nnen. Wir sind Ihr\u00a0Full-Service-Dienstleister f\u00fcr Ihre betriebliche Altersvorsorge.<\/span><span data-ccp-props=\"{\">\u00a0<\/span><\/p>\n<p><span data-contrast=\"auto\">Ihre Entlastung ist unser Ziel.\u00a0Dieses\u00a0verwirklichen wir mit Hilfe einer anwenderfreundlichen und bedarfsgerechten Portall\u00f6sung und speziell auf Sie zugeschnittene Servicedienstleistungen.<\/span><span data-ccp-props=\"{\">\u00a0<\/span><\/p>\n<p><span data-contrast=\"auto\">Wir stehen Ihnen bei allen Fragen zur betrieblichen Altersvorsorge Ihrer Mitarbeiter:innen zur Seite. Dabei gehen wir auf Ihre speziellen Anforderungen ein, erstellen Konzepte und ber\u00fccksichtigen Ihre Pr\u00e4ferenzen. Au\u00dferdem garantieren wir eine individuelle und pers\u00f6nliche Beratung Ihrer Mitarbeiter:innen \u2013 unabh\u00e4ngig vom Arbeitsmodell und Standorten.<\/span><span data-ccp-props=\"{\">\u00a0<\/span><\/p>\n<\/div><\/section>\n\n<style type=\"text\/css\" data-created_by=\"avia_inline_auto\" id=\"style-css-av-av_one_half-15d750bd1b332b34c6e70b077ebbccdf\">\n.flex_column.av-av_one_half-15d750bd1b332b34c6e70b077ebbccdf{\n-webkit-border-radius:0px 0px 0px 0px;\n-moz-border-radius:0px 0px 0px 0px;\nborder-radius:0px 0px 0px 0px;\npadding:0px 0px 0px 0px;\n}\n<\/style>\n<div class='flex_column av-av_one_half-15d750bd1b332b34c6e70b077ebbccdf av_one_half  avia-builder-el-16  el_after_av_textblock  el_before_av_one_half  first flex_column_div av-zero-column-padding column-top-margin'     ><p>\n<style type=\"text\/css\" data-created_by=\"avia_inline_auto\" id=\"style-css-av-av_heading-d5a74d0d742df13572f13be539eff3d2\">\n#top .av-special-heading.av-av_heading-d5a74d0d742df13572f13be539eff3d2{\npadding-bottom:10px;\n}\nbody .av-special-heading.av-av_heading-d5a74d0d742df13572f13be539eff3d2 .av-special-heading-tag .heading-char{\nfont-size:25px;\n}\n.av-special-heading.av-av_heading-d5a74d0d742df13572f13be539eff3d2 .av-subheading{\nfont-size:15px;\n}\n<\/style>\n<div  class='av-special-heading av-av_heading-d5a74d0d742df13572f13be539eff3d2 av-special-heading-h3 blockquote modern-quote modern-centered  avia-builder-el-17  el_before_av_iconlist  avia-builder-el-first '><h3 class='av-special-heading-tag'  itemprop=\"headline\"  >Ihre Vorteile<\/h3><div class=\"special-heading-border\"><div class=\"special-heading-inner-border\"><\/div><\/div><\/div><br \/>\n\n<style type=\"text\/css\" data-created_by=\"avia_inline_auto\" id=\"style-css-av-av_iconlist-a6245488fd6100eee1fccc405e04fa33\">\n#top .avia-icon-list-container.av-av_iconlist-a6245488fd6100eee1fccc405e04fa33 .iconlist_icon{\nbackground-color:#34ad46;\n}\n<\/style>\n<div  class='avia-icon-list-container av-av_iconlist-a6245488fd6100eee1fccc405e04fa33  avia-builder-el-18  el_after_av_heading  avia-builder-el-last '><ul class='avia-icon-list avia_animate_when_almost_visible avia-icon-list-left av-iconlist-big av-av_iconlist-a6245488fd6100eee1fccc405e04fa33 avia-iconlist-animate'>\n<li><div class='iconlist_icon av-av_iconlist_item-c6391a91ef31fbe60cc63c7f0b55951e avia-font-entypo-fontello'><span class='iconlist-char' aria-hidden='true' data-av_icon='\ue812' data-av_iconfont='entypo-fontello'><\/span><\/div><article class=\"article-icon-entry \"  itemscope=\"itemscope\" itemtype=\"https:\/\/schema.org\/CreativeWork\" ><div class=\"iconlist_content_wrap\"><header class=\"entry-content-header\"><\/header><div class='iconlist_content '  itemprop=\"text\" ><p>Steigerung Ihrer Attraktivit\u00e4t als Arbeitgeber<\/p>\n<\/div><\/div><footer class=\"entry-footer\"><\/footer><\/article><div class=\"iconlist-timeline\"><\/div><\/li>\n<li><div class='iconlist_icon av-av_iconlist_item-c6391a91ef31fbe60cc63c7f0b55951e avia-font-entypo-fontello'><span class='iconlist-char' aria-hidden='true' data-av_icon='\ue812' data-av_iconfont='entypo-fontello'><\/span><\/div><article class=\"article-icon-entry \"  itemscope=\"itemscope\" itemtype=\"https:\/\/schema.org\/CreativeWork\" ><div class=\"iconlist_content_wrap\"><header class=\"entry-content-header\"><\/header><div class='iconlist_content '  itemprop=\"text\" ><p>Mitarbeiterbindung und erh\u00f6hte Loyalit\u00e4t zu Ihrem Unternehmen<\/p>\n<\/div><\/div><footer class=\"entry-footer\"><\/footer><\/article><div class=\"iconlist-timeline\"><\/div><\/li>\n<li><div class='iconlist_icon av-av_iconlist_item-c6391a91ef31fbe60cc63c7f0b55951e avia-font-entypo-fontello'><span class='iconlist-char' aria-hidden='true' data-av_icon='\ue812' data-av_iconfont='entypo-fontello'><\/span><\/div><article class=\"article-icon-entry \"  itemscope=\"itemscope\" itemtype=\"https:\/\/schema.org\/CreativeWork\" ><div class=\"iconlist_content_wrap\"><header class=\"entry-content-header\"><\/header><div class='iconlist_content '  itemprop=\"text\" ><p>Einsparen von Sozialabgaben<\/p>\n<\/div><\/div><footer class=\"entry-footer\"><\/footer><\/article><div class=\"iconlist-timeline\"><\/div><\/li>\n<li><div class='iconlist_icon av-av_iconlist_item-c6391a91ef31fbe60cc63c7f0b55951e avia-font-entypo-fontello'><span class='iconlist-char' aria-hidden='true' data-av_icon='\ue812' data-av_iconfont='entypo-fontello'><\/span><\/div><article class=\"article-icon-entry \"  itemscope=\"itemscope\" itemtype=\"https:\/\/schema.org\/CreativeWork\" ><div class=\"iconlist_content_wrap\"><header class=\"entry-content-header\"><\/header><div class='iconlist_content '  itemprop=\"text\" ><p>Niedriger Verwaltungsaufwand mit uns als Experten<\/p>\n<\/div><\/div><footer class=\"entry-footer\"><\/footer><\/article><div class=\"iconlist-timeline\"><\/div><\/li>\n<li><div class='iconlist_icon av-av_iconlist_item-c6391a91ef31fbe60cc63c7f0b55951e avia-font-entypo-fontello'><span class='iconlist-char' aria-hidden='true' data-av_icon='\ue812' data-av_iconfont='entypo-fontello'><\/span><\/div><article class=\"article-icon-entry \"  itemscope=\"itemscope\" itemtype=\"https:\/\/schema.org\/CreativeWork\" ><div class=\"iconlist_content_wrap\"><header class=\"entry-content-header\"><\/header><div class='iconlist_content '  itemprop=\"text\" ><p>Nachhaltige Qualit\u00e4tssicherung<\/p>\n<\/div><\/div><footer class=\"entry-footer\"><\/footer><\/article><div class=\"iconlist-timeline\"><\/div><\/li>\n<\/ul><\/div><\/p><\/div>\n<style type=\"text\/css\" data-created_by=\"avia_inline_auto\" id=\"style-css-av-av_one_half-c8fc129dc35fd1ae2a1e410224d39ea8\">\n.flex_column.av-av_one_half-c8fc129dc35fd1ae2a1e410224d39ea8{\n-webkit-border-radius:0px 0px 0px 0px;\n-moz-border-radius:0px 0px 0px 0px;\nborder-radius:0px 0px 0px 0px;\npadding:0px 0px 0px 0px;\n}\n<\/style>\n<div class='flex_column av-av_one_half-c8fc129dc35fd1ae2a1e410224d39ea8 av_one_half  avia-builder-el-19  el_after_av_one_half  avia-builder-el-last  flex_column_div av-zero-column-padding column-top-margin'     ><p>\n<style type=\"text\/css\" data-created_by=\"avia_inline_auto\" id=\"style-css-av-av_heading-51b168e2e2103de3333e710f677017c2\">\n#top .av-special-heading.av-av_heading-51b168e2e2103de3333e710f677017c2{\npadding-bottom:10px;\n}\nbody .av-special-heading.av-av_heading-51b168e2e2103de3333e710f677017c2 .av-special-heading-tag .heading-char{\nfont-size:25px;\n}\n.av-special-heading.av-av_heading-51b168e2e2103de3333e710f677017c2 .av-subheading{\nfont-size:15px;\n}\n<\/style>\n<div  class='av-special-heading av-av_heading-51b168e2e2103de3333e710f677017c2 av-special-heading-h3 blockquote modern-quote modern-centered  avia-builder-el-20  el_before_av_iconlist  avia-builder-el-first '><h3 class='av-special-heading-tag'  itemprop=\"headline\"  >Die Vorteile f\u00fcr Ihre Mitarbeiter:innen<\/h3><div class=\"special-heading-border\"><div class=\"special-heading-inner-border\"><\/div><\/div><\/div><br \/>\n\n<style type=\"text\/css\" data-created_by=\"avia_inline_auto\" id=\"style-css-av-av_iconlist-a6245488fd6100eee1fccc405e04fa33\">\n#top .avia-icon-list-container.av-av_iconlist-a6245488fd6100eee1fccc405e04fa33 .iconlist_icon{\nbackground-color:#34ad46;\n}\n<\/style>\n<div  class='avia-icon-list-container av-av_iconlist-a6245488fd6100eee1fccc405e04fa33  avia-builder-el-21  el_after_av_heading  avia-builder-el-last '><ul class='avia-icon-list avia_animate_when_almost_visible avia-icon-list-left av-iconlist-big av-av_iconlist-a6245488fd6100eee1fccc405e04fa33 avia-iconlist-animate'>\n<li><div class='iconlist_icon av-av_iconlist_item-c6391a91ef31fbe60cc63c7f0b55951e avia-font-entypo-fontello'><span class='iconlist-char' aria-hidden='true' data-av_icon='\ue812' data-av_iconfont='entypo-fontello'><\/span><\/div><article class=\"article-icon-entry \"  itemscope=\"itemscope\" itemtype=\"https:\/\/schema.org\/CreativeWork\" ><div class=\"iconlist_content_wrap\"><header class=\"entry-content-header\"><\/header><div class='iconlist_content '  itemprop=\"text\" ><p>Attraktiver Unternehmenszuschuss<\/p>\n<\/div><\/div><footer class=\"entry-footer\"><\/footer><\/article><div class=\"iconlist-timeline\"><\/div><\/li>\n<li><div class='iconlist_icon av-av_iconlist_item-c6391a91ef31fbe60cc63c7f0b55951e avia-font-entypo-fontello'><span class='iconlist-char' aria-hidden='true' data-av_icon='\ue812' data-av_iconfont='entypo-fontello'><\/span><\/div><article class=\"article-icon-entry \"  itemscope=\"itemscope\" itemtype=\"https:\/\/schema.org\/CreativeWork\" ><div class=\"iconlist_content_wrap\"><header class=\"entry-content-header\"><\/header><div class='iconlist_content '  itemprop=\"text\" ><p>Zus\u00e4tzliche, garantierte Rente<\/p>\n<\/div><\/div><footer class=\"entry-footer\"><\/footer><\/article><div class=\"iconlist-timeline\"><\/div><\/li>\n<li><div class='iconlist_icon av-av_iconlist_item-c6391a91ef31fbe60cc63c7f0b55951e avia-font-entypo-fontello'><span class='iconlist-char' aria-hidden='true' data-av_icon='\ue812' data-av_iconfont='entypo-fontello'><\/span><\/div><article class=\"article-icon-entry \"  itemscope=\"itemscope\" itemtype=\"https:\/\/schema.org\/CreativeWork\" ><div class=\"iconlist_content_wrap\"><header class=\"entry-content-header\"><\/header><div class='iconlist_content '  itemprop=\"text\" ><p>F\u00f6rderung vom Staat (Steuer- und Sozialversicherungsvorteile)<\/p>\n<\/div><\/div><footer class=\"entry-footer\"><\/footer><\/article><div class=\"iconlist-timeline\"><\/div><\/li>\n<li><div class='iconlist_icon av-av_iconlist_item-c6391a91ef31fbe60cc63c7f0b55951e avia-font-entypo-fontello'><span class='iconlist-char' aria-hidden='true' data-av_icon='\ue812' data-av_iconfont='entypo-fontello'><\/span><\/div><article class=\"article-icon-entry \"  itemscope=\"itemscope\" itemtype=\"https:\/\/schema.org\/CreativeWork\" ><div class=\"iconlist_content_wrap\"><header class=\"entry-content-header\"><\/header><div class='iconlist_content '  itemprop=\"text\" ><p>Flexible Beitragszahlung<\/p>\n<\/div><\/div><footer class=\"entry-footer\"><\/footer><\/article><div class=\"iconlist-timeline\"><\/div><\/li>\n<li><div class='iconlist_icon av-av_iconlist_item-c6391a91ef31fbe60cc63c7f0b55951e avia-font-entypo-fontello'><span class='iconlist-char' aria-hidden='true' data-av_icon='\ue812' data-av_iconfont='entypo-fontello'><\/span><\/div><article class=\"article-icon-entry \"  itemscope=\"itemscope\" itemtype=\"https:\/\/schema.org\/CreativeWork\" ><div class=\"iconlist_content_wrap\"><header class=\"entry-content-header\"><\/header><div class='iconlist_content '  itemprop=\"text\" ><p>Automatische Absicherung der Hinterbliebenen<\/p>\n<\/div><\/div><footer class=\"entry-footer\"><\/footer><\/article><div class=\"iconlist-timeline\"><\/div><\/li>\n<\/ul><\/div><\/p><\/div>\n\n<\/div><\/div><\/div><!-- close content main div --><\/div><\/div><\/div><div id='bbu'  class='avia-section av-av_section-f559fe7ba892f9fa8e8df79a5f0470ce main_color avia-section-large avia-no-shadow  avia-builder-el-22  el_after_av_section  el_before_av_section  avia-bg-style-scroll container_wrap sidebar_right'  ><div class='container av-section-cont-open' ><div class='template-page content  av-content-small alpha units'><div class='post-entry post-entry-type-page post-entry-485'><div class='entry-content-wrapper clearfix'>\n\n<style type=\"text\/css\" data-created_by=\"avia_inline_auto\" id=\"style-css-av-av_heading-61f971db78249d3be4709c70db26f2ba\">\n#top .av-special-heading.av-av_heading-61f971db78249d3be4709c70db26f2ba{\npadding-bottom:10px;\n}\nbody .av-special-heading.av-av_heading-61f971db78249d3be4709c70db26f2ba .av-special-heading-tag .heading-char{\nfont-size:25px;\n}\n.av-special-heading.av-av_heading-61f971db78249d3be4709c70db26f2ba .av-subheading{\nfont-size:15px;\n}\n<\/style>\n<div  class='av-special-heading av-av_heading-61f971db78249d3be4709c70db26f2ba av-special-heading-h2 blockquote modern-quote  avia-builder-el-23  el_before_av_hr  avia-builder-el-first '><h2 class='av-special-heading-tag'  itemprop=\"headline\"  >Betriebliche Berufsunf\u00e4higkeitsversicherung<\/h2><div class=\"special-heading-border\"><div class=\"special-heading-inner-border\"><\/div><\/div><\/div>\n\n<style type=\"text\/css\" data-created_by=\"avia_inline_auto\" id=\"style-css-av-av_hr-616cd310f4c6bf63bbd1f033802c1165\">\n#top .hr.hr-invisible.av-av_hr-616cd310f4c6bf63bbd1f033802c1165{\nheight:20px;\n}\n<\/style>\n<div  class='hr av-av_hr-616cd310f4c6bf63bbd1f033802c1165 hr-invisible  avia-builder-el-24  el_after_av_heading  el_before_av_textblock '><span class='hr-inner '><span class=\"hr-inner-style\"><\/span><\/span><\/div>\n<section  class='av_textblock_section av-av_textblock-2de302bf1aa3cf4c9157dbe6f50ac7eb'  itemscope=\"itemscope\" itemtype=\"https:\/\/schema.org\/CreativeWork\" ><div class='avia_textblock'  itemprop=\"text\" ><p>Mit wertvollen Benefits \u2013 wie einer betrieblichen Berufsunf\u00e4higkeitsversicherung \u2013 haben Sie als Arbeitgeber die M\u00f6glichkeit, sich vom Wettbewerb abzuheben. Denn damit bieten Sie Ihrer Belegschaft finanziellen Schutz, wenn diese ihn braucht. Die Berufsunf\u00e4higkeitsversicherung ist unverzichtbar f\u00fcr alle, die nur von ihrem Einkommen leben.<\/p>\n<p>Unterst\u00fctzen Sie Ihre Mitarbeiter:innen und gew\u00e4hren Sie ihnen einen schnellen Zugang zur Absicherung. Mit Gruppenvertr\u00e4gen k\u00f6nnen Sie ihre Angestellten als Kollektiv \u00fcber eine betriebliche Berufsunf\u00e4higkeitsversicherung g\u00fcnstig versichern.<\/p>\n<p>Gerade die Berufsunf\u00e4higkeit ist ein Thema, das von den meisten untersch\u00e4tzt wird. Statistisch ist jede:r Vierte im Laufe des Berufslebens davon betroffen. Nehmen Sie die Absicherung Ihrer Mitarbeiter:innen in Ihre H\u00e4nde und punkten mit einem weiteren Benefit in Ihrem Unternehmen. Sie k\u00f6nnen Ihren Mitarbeiter:innen hoch attraktive Modelle zur Absicherung des finanziellen Risikos bei Verlust der Arbeitskraft zur Verf\u00fcgung stellen.<\/p>\n<\/div><\/section>\n\n<style type=\"text\/css\" data-created_by=\"avia_inline_auto\" id=\"style-css-av-av_one_half-15d750bd1b332b34c6e70b077ebbccdf\">\n.flex_column.av-av_one_half-15d750bd1b332b34c6e70b077ebbccdf{\n-webkit-border-radius:0px 0px 0px 0px;\n-moz-border-radius:0px 0px 0px 0px;\nborder-radius:0px 0px 0px 0px;\npadding:0px 0px 0px 0px;\n}\n<\/style>\n<div class='flex_column av-av_one_half-15d750bd1b332b34c6e70b077ebbccdf av_one_half  avia-builder-el-26  el_after_av_textblock  el_before_av_one_half  first flex_column_div av-zero-column-padding column-top-margin'     ><p>\n<style type=\"text\/css\" data-created_by=\"avia_inline_auto\" id=\"style-css-av-av_heading-d5a74d0d742df13572f13be539eff3d2\">\n#top .av-special-heading.av-av_heading-d5a74d0d742df13572f13be539eff3d2{\npadding-bottom:10px;\n}\nbody .av-special-heading.av-av_heading-d5a74d0d742df13572f13be539eff3d2 .av-special-heading-tag .heading-char{\nfont-size:25px;\n}\n.av-special-heading.av-av_heading-d5a74d0d742df13572f13be539eff3d2 .av-subheading{\nfont-size:15px;\n}\n<\/style>\n<div  class='av-special-heading av-av_heading-d5a74d0d742df13572f13be539eff3d2 av-special-heading-h3 blockquote modern-quote modern-centered  avia-builder-el-27  el_before_av_iconlist  avia-builder-el-first '><h3 class='av-special-heading-tag'  itemprop=\"headline\"  >Ihre Vorteile<\/h3><div class=\"special-heading-border\"><div class=\"special-heading-inner-border\"><\/div><\/div><\/div><br \/>\n\n<style type=\"text\/css\" data-created_by=\"avia_inline_auto\" id=\"style-css-av-av_iconlist-a6245488fd6100eee1fccc405e04fa33\">\n#top .avia-icon-list-container.av-av_iconlist-a6245488fd6100eee1fccc405e04fa33 .iconlist_icon{\nbackground-color:#34ad46;\n}\n<\/style>\n<div  class='avia-icon-list-container av-av_iconlist-a6245488fd6100eee1fccc405e04fa33  avia-builder-el-28  el_after_av_heading  avia-builder-el-last '><ul class='avia-icon-list avia_animate_when_almost_visible avia-icon-list-left av-iconlist-big av-av_iconlist-a6245488fd6100eee1fccc405e04fa33 avia-iconlist-animate'>\n<li><div class='iconlist_icon av-av_iconlist_item-c6391a91ef31fbe60cc63c7f0b55951e avia-font-entypo-fontello'><span class='iconlist-char' aria-hidden='true' data-av_icon='\ue812' data-av_iconfont='entypo-fontello'><\/span><\/div><article class=\"article-icon-entry \"  itemscope=\"itemscope\" itemtype=\"https:\/\/schema.org\/CreativeWork\" ><div class=\"iconlist_content_wrap\"><header class=\"entry-content-header\"><\/header><div class='iconlist_content '  itemprop=\"text\" ><p>Steigerung Ihrer Attraktivit\u00e4t als Arbeitgeber<\/p>\n<\/div><\/div><footer class=\"entry-footer\"><\/footer><\/article><div class=\"iconlist-timeline\"><\/div><\/li>\n<li><div class='iconlist_icon av-av_iconlist_item-c6391a91ef31fbe60cc63c7f0b55951e avia-font-entypo-fontello'><span class='iconlist-char' aria-hidden='true' data-av_icon='\ue812' data-av_iconfont='entypo-fontello'><\/span><\/div><article class=\"article-icon-entry \"  itemscope=\"itemscope\" itemtype=\"https:\/\/schema.org\/CreativeWork\" ><div class=\"iconlist_content_wrap\"><header class=\"entry-content-header\"><\/header><div class='iconlist_content '  itemprop=\"text\" ><p>Mitarbeiterbindung und erh\u00f6hte Loyalit\u00e4t zu Ihrem Unternehmen<\/p>\n<\/div><\/div><footer class=\"entry-footer\"><\/footer><\/article><div class=\"iconlist-timeline\"><\/div><\/li>\n<li><div class='iconlist_icon av-av_iconlist_item-c6391a91ef31fbe60cc63c7f0b55951e avia-font-entypo-fontello'><span class='iconlist-char' aria-hidden='true' data-av_icon='\ue812' data-av_iconfont='entypo-fontello'><\/span><\/div><article class=\"article-icon-entry \"  itemscope=\"itemscope\" itemtype=\"https:\/\/schema.org\/CreativeWork\" ><div class=\"iconlist_content_wrap\"><header class=\"entry-content-header\"><\/header><div class='iconlist_content '  itemprop=\"text\" ><p>Einsparen von Sozialversicherungsabgaben<\/p>\n<\/div><\/div><footer class=\"entry-footer\"><\/footer><\/article><div class=\"iconlist-timeline\"><\/div><\/li>\n<li><div class='iconlist_icon av-av_iconlist_item-c6391a91ef31fbe60cc63c7f0b55951e avia-font-entypo-fontello'><span class='iconlist-char' aria-hidden='true' data-av_icon='\ue812' data-av_iconfont='entypo-fontello'><\/span><\/div><article class=\"article-icon-entry \"  itemscope=\"itemscope\" itemtype=\"https:\/\/schema.org\/CreativeWork\" ><div class=\"iconlist_content_wrap\"><header class=\"entry-content-header\"><\/header><div class='iconlist_content '  itemprop=\"text\" ><p>Niedriger Verwaltungsaufwand mit uns als Experten<\/p>\n<\/div><\/div><footer class=\"entry-footer\"><\/footer><\/article><div class=\"iconlist-timeline\"><\/div><\/li>\n<li><div class='iconlist_icon av-av_iconlist_item-c6391a91ef31fbe60cc63c7f0b55951e avia-font-entypo-fontello'><span class='iconlist-char' aria-hidden='true' data-av_icon='\ue812' data-av_iconfont='entypo-fontello'><\/span><\/div><article class=\"article-icon-entry \"  itemscope=\"itemscope\" itemtype=\"https:\/\/schema.org\/CreativeWork\" ><div class=\"iconlist_content_wrap\"><header class=\"entry-content-header\"><\/header><div class='iconlist_content '  itemprop=\"text\" ><p>Einfacher Zugang f\u00fcr Ihre Mitarbeiter:innen ohne oder nur mit wenigen Gesundheitsfragen<\/p>\n<\/div><\/div><footer class=\"entry-footer\"><\/footer><\/article><div class=\"iconlist-timeline\"><\/div><\/li>\n<\/ul><\/div><\/p><\/div>\n<style type=\"text\/css\" data-created_by=\"avia_inline_auto\" id=\"style-css-av-av_one_half-c8fc129dc35fd1ae2a1e410224d39ea8\">\n.flex_column.av-av_one_half-c8fc129dc35fd1ae2a1e410224d39ea8{\n-webkit-border-radius:0px 0px 0px 0px;\n-moz-border-radius:0px 0px 0px 0px;\nborder-radius:0px 0px 0px 0px;\npadding:0px 0px 0px 0px;\n}\n<\/style>\n<div class='flex_column av-av_one_half-c8fc129dc35fd1ae2a1e410224d39ea8 av_one_half  avia-builder-el-29  el_after_av_one_half  avia-builder-el-last  flex_column_div av-zero-column-padding column-top-margin'     ><p>\n<style type=\"text\/css\" data-created_by=\"avia_inline_auto\" id=\"style-css-av-av_heading-51b168e2e2103de3333e710f677017c2\">\n#top .av-special-heading.av-av_heading-51b168e2e2103de3333e710f677017c2{\npadding-bottom:10px;\n}\nbody .av-special-heading.av-av_heading-51b168e2e2103de3333e710f677017c2 .av-special-heading-tag .heading-char{\nfont-size:25px;\n}\n.av-special-heading.av-av_heading-51b168e2e2103de3333e710f677017c2 .av-subheading{\nfont-size:15px;\n}\n<\/style>\n<div  class='av-special-heading av-av_heading-51b168e2e2103de3333e710f677017c2 av-special-heading-h3 blockquote modern-quote modern-centered  avia-builder-el-30  el_before_av_iconlist  avia-builder-el-first '><h3 class='av-special-heading-tag'  itemprop=\"headline\"  >Die Vorteile f\u00fcr Ihre Mitarbeiter:innen<\/h3><div class=\"special-heading-border\"><div class=\"special-heading-inner-border\"><\/div><\/div><\/div><br \/>\n\n<style type=\"text\/css\" data-created_by=\"avia_inline_auto\" id=\"style-css-av-av_iconlist-a6245488fd6100eee1fccc405e04fa33\">\n#top .avia-icon-list-container.av-av_iconlist-a6245488fd6100eee1fccc405e04fa33 .iconlist_icon{\nbackground-color:#34ad46;\n}\n<\/style>\n<div  class='avia-icon-list-container av-av_iconlist-a6245488fd6100eee1fccc405e04fa33  avia-builder-el-31  el_after_av_heading  avia-builder-el-last '><ul class='avia-icon-list avia_animate_when_almost_visible avia-icon-list-left av-iconlist-big av-av_iconlist-a6245488fd6100eee1fccc405e04fa33 avia-iconlist-animate'>\n<li><div class='iconlist_icon av-av_iconlist_item-c6391a91ef31fbe60cc63c7f0b55951e avia-font-entypo-fontello'><span class='iconlist-char' aria-hidden='true' data-av_icon='\ue812' data-av_iconfont='entypo-fontello'><\/span><\/div><article class=\"article-icon-entry \"  itemscope=\"itemscope\" itemtype=\"https:\/\/schema.org\/CreativeWork\" ><div class=\"iconlist_content_wrap\"><header class=\"entry-content-header\"><\/header><div class='iconlist_content '  itemprop=\"text\" ><p>G\u00fcnstigere Beitr\u00e4ge durch spezielle Sonderkonditionen<\/p>\n<\/div><\/div><footer class=\"entry-footer\"><\/footer><\/article><div class=\"iconlist-timeline\"><\/div><\/li>\n<li><div class='iconlist_icon av-av_iconlist_item-c6391a91ef31fbe60cc63c7f0b55951e avia-font-entypo-fontello'><span class='iconlist-char' aria-hidden='true' data-av_icon='\ue812' data-av_iconfont='entypo-fontello'><\/span><\/div><article class=\"article-icon-entry \"  itemscope=\"itemscope\" itemtype=\"https:\/\/schema.org\/CreativeWork\" ><div class=\"iconlist_content_wrap\"><header class=\"entry-content-header\"><\/header><div class='iconlist_content '  itemprop=\"text\" ><p>Attraktiver Unternehmenszuschuss<\/p>\n<\/div><\/div><footer class=\"entry-footer\"><\/footer><\/article><div class=\"iconlist-timeline\"><\/div><\/li>\n<li><div class='iconlist_icon av-av_iconlist_item-c6391a91ef31fbe60cc63c7f0b55951e avia-font-entypo-fontello'><span class='iconlist-char' aria-hidden='true' data-av_icon='\ue812' data-av_iconfont='entypo-fontello'><\/span><\/div><article class=\"article-icon-entry \"  itemscope=\"itemscope\" itemtype=\"https:\/\/schema.org\/CreativeWork\" ><div class=\"iconlist_content_wrap\"><header class=\"entry-content-header\"><\/header><div class='iconlist_content '  itemprop=\"text\" ><p>F\u00f6rderung vom Staat (Steuer- und Sozialversicherungsvorteile)<\/p>\n<\/div><\/div><footer class=\"entry-footer\"><\/footer><\/article><div class=\"iconlist-timeline\"><\/div><\/li>\n<li><div class='iconlist_icon av-av_iconlist_item-c6391a91ef31fbe60cc63c7f0b55951e avia-font-entypo-fontello'><span class='iconlist-char' aria-hidden='true' data-av_icon='\ue812' data-av_iconfont='entypo-fontello'><\/span><\/div><article class=\"article-icon-entry \"  itemscope=\"itemscope\" itemtype=\"https:\/\/schema.org\/CreativeWork\" ><div class=\"iconlist_content_wrap\"><header class=\"entry-content-header\"><\/header><div class='iconlist_content '  itemprop=\"text\" ><p>Flexible Beitragszahlung<\/p>\n<\/div><\/div><footer class=\"entry-footer\"><\/footer><\/article><div class=\"iconlist-timeline\"><\/div><\/li>\n<li><div class='iconlist_icon av-av_iconlist_item-c6391a91ef31fbe60cc63c7f0b55951e avia-font-entypo-fontello'><span class='iconlist-char' aria-hidden='true' data-av_icon='\ue812' data-av_iconfont='entypo-fontello'><\/span><\/div><article class=\"article-icon-entry \"  itemscope=\"itemscope\" itemtype=\"https:\/\/schema.org\/CreativeWork\" ><div class=\"iconlist_content_wrap\"><header class=\"entry-content-header\"><\/header><div class='iconlist_content '  itemprop=\"text\" ><p>Vereinfachte Gesundheitspr\u00fcfung<\/p>\n<\/div><\/div><footer class=\"entry-footer\"><\/footer><\/article><div class=\"iconlist-timeline\"><\/div><\/li>\n<\/ul><\/div><\/p><\/div>\n\n<\/div><\/div><\/div><!-- close content main div --><\/div><\/div>\n<style type=\"text\/css\" data-created_by=\"avia_inline_auto\" id=\"style-css-av-av_section-4d91c2364b755f09b9590355f67b86c4\">\n.avia-section.av-av_section-4d91c2364b755f09b9590355f67b86c4 .av-parallax .av-parallax-inner{\nbackground-repeat:no-repeat;\nbackground-image:url(https:\/\/vorsorge.bav.digital\/forumarbeitgebervorsorge\/wp-content\/uploads\/sites\/103\/2021\/03\/gut-versorgt-2-1030x402.jpg);\nbackground-position:50% 0%;\nbackground-attachment:scroll;\n}\n.avia-section.av-av_section-4d91c2364b755f09b9590355f67b86c4 .av-section-color-overlay{\nopacity:0.8;\nbackground-color:#f2f9f3;\n}\n<\/style>\n<div id='bkv'  class='avia-section av-av_section-4d91c2364b755f09b9590355f67b86c4 main_color avia-section-large avia-no-shadow  avia-builder-el-32  el_after_av_section  el_before_av_section  avia-full-stretch av-parallax-section avia-bg-style-parallax av-section-color-overlay-active container_wrap sidebar_right'  data-section-bg-repeat='stretch'><div class='av-parallax' data-avia-parallax-ratio='0.3' ><div class='av-parallax-inner main_color avia-full-stretch'><\/div><\/div><div class=\"av-section-color-overlay-wrap\"><div class=\"av-section-color-overlay\"><\/div><div class='container av-section-cont-open' ><div class='template-page content  av-content-small alpha units'><div class='post-entry post-entry-type-page post-entry-485'><div class='entry-content-wrapper clearfix'>\n\n<style type=\"text\/css\" data-created_by=\"avia_inline_auto\" id=\"style-css-av-av_heading-7e8b16e61d2115fbaa70300b4e378610\">\n#top .av-special-heading.av-av_heading-7e8b16e61d2115fbaa70300b4e378610{\npadding-bottom:10px;\n}\nbody .av-special-heading.av-av_heading-7e8b16e61d2115fbaa70300b4e378610 .av-special-heading-tag .heading-char{\nfont-size:25px;\n}\n.av-special-heading.av-av_heading-7e8b16e61d2115fbaa70300b4e378610 .av-subheading{\nfont-size:15px;\n}\n<\/style>\n<div  class='av-special-heading av-av_heading-7e8b16e61d2115fbaa70300b4e378610 av-special-heading-h2 blockquote modern-quote  avia-builder-el-33  el_before_av_hr  avia-builder-el-first '><h2 class='av-special-heading-tag'  itemprop=\"headline\"  >Betriebliche Krankenversicherung<\/h2><div class=\"special-heading-border\"><div class=\"special-heading-inner-border\"><\/div><\/div><\/div>\n\n<style type=\"text\/css\" data-created_by=\"avia_inline_auto\" id=\"style-css-av-av_hr-616cd310f4c6bf63bbd1f033802c1165\">\n#top .hr.hr-invisible.av-av_hr-616cd310f4c6bf63bbd1f033802c1165{\nheight:20px;\n}\n<\/style>\n<div  class='hr av-av_hr-616cd310f4c6bf63bbd1f033802c1165 hr-invisible  avia-builder-el-34  el_after_av_heading  el_before_av_textblock '><span class='hr-inner '><span class=\"hr-inner-style\"><\/span><\/span><\/div>\n<section  class='av_textblock_section av-av_textblock-2de302bf1aa3cf4c9157dbe6f50ac7eb'  itemscope=\"itemscope\" itemtype=\"https:\/\/schema.org\/CreativeWork\" ><div class='avia_textblock'  itemprop=\"text\" ><p>Die betriebliche Krankenversicherung bietet Mehrwerte f\u00fcr beide Seiten. Zum einen k\u00f6nnen Sie mit diesem Vorsorgebaustein die Loyalit\u00e4t zum Unternehmen st\u00e4rken, zum anderen sorgen Sie damit gleichzeitig daf\u00fcr, dass Ihre Belegschaft fit bleibt und wichtige Versorgungsl\u00fccken in der gesetzlichen Krankenversicherung geschlossen werden.<\/p>\n<p>Die betriebliche Krankenversicherung (bKV) ist neben der bAV die wichtigste Sozialleistung f\u00fcr Arbeitnehmer:innen. Fast jede:r Zweite r\u00e4umt der bKV einen Einfluss bei der Wahl des zuk\u00fcnftigen Arbeitgebers ein.<\/p>\n<p style=\"font-size: 10px;\">(Quelle: Continentale-Studie 2020)<\/p>\n<p>Gestalten Sie Ihre bKV nach Ihren individuellen Vorstellungen. Sie entscheiden, welche Leistungen Ihre Mitarbeiter:innen in Anspruch nehmen k\u00f6nnen und wir helfen Ihnen dabei. Dabei bestimmen Sie den Grad der Absicherung. Von einer kleinen Zusatzversicherung bis hin zu einem nahezu kompletten Privatversicherungsstatus ist alles m\u00f6glich.<\/p>\n<p>Sie als Arbeitgeber haben die M\u00f6glichkeit, Ihre komplette Belegschaft im Rahmen einer betrieblichen Krankenzusatzversicherung zu versichern. Im ersten Schritt analysieren wir Ihren Bedarf an Vorsorgema\u00dfnahmen und erarbeiten ein ma\u00dfgeschneidertes Konzept passend f\u00fcr Sie und Ihre Mitarbeiter:innen.<\/p>\n<p>Mit unseren bKV-L\u00f6sungen bieten Sie Ihren Besch\u00e4ftigten eine wertvolle Zusatzleistung, von der beide Seiten profitieren.<\/p>\n<\/div><\/section>\n\n<style type=\"text\/css\" data-created_by=\"avia_inline_auto\" id=\"style-css-av-av_one_half-15d750bd1b332b34c6e70b077ebbccdf\">\n.flex_column.av-av_one_half-15d750bd1b332b34c6e70b077ebbccdf{\n-webkit-border-radius:0px 0px 0px 0px;\n-moz-border-radius:0px 0px 0px 0px;\nborder-radius:0px 0px 0px 0px;\npadding:0px 0px 0px 0px;\n}\n<\/style>\n<div class='flex_column av-av_one_half-15d750bd1b332b34c6e70b077ebbccdf av_one_half  avia-builder-el-36  el_after_av_textblock  el_before_av_one_half  first flex_column_div av-zero-column-padding column-top-margin'     ><p>\n<style type=\"text\/css\" data-created_by=\"avia_inline_auto\" id=\"style-css-av-av_heading-d5a74d0d742df13572f13be539eff3d2\">\n#top .av-special-heading.av-av_heading-d5a74d0d742df13572f13be539eff3d2{\npadding-bottom:10px;\n}\nbody .av-special-heading.av-av_heading-d5a74d0d742df13572f13be539eff3d2 .av-special-heading-tag .heading-char{\nfont-size:25px;\n}\n.av-special-heading.av-av_heading-d5a74d0d742df13572f13be539eff3d2 .av-subheading{\nfont-size:15px;\n}\n<\/style>\n<div  class='av-special-heading av-av_heading-d5a74d0d742df13572f13be539eff3d2 av-special-heading-h3 blockquote modern-quote modern-centered  avia-builder-el-37  el_before_av_iconlist  avia-builder-el-first '><h3 class='av-special-heading-tag'  itemprop=\"headline\"  >Ihre Vorteile<\/h3><div class=\"special-heading-border\"><div class=\"special-heading-inner-border\"><\/div><\/div><\/div><br \/>\n\n<style type=\"text\/css\" data-created_by=\"avia_inline_auto\" id=\"style-css-av-av_iconlist-a6245488fd6100eee1fccc405e04fa33\">\n#top .avia-icon-list-container.av-av_iconlist-a6245488fd6100eee1fccc405e04fa33 .iconlist_icon{\nbackground-color:#34ad46;\n}\n<\/style>\n<div  class='avia-icon-list-container av-av_iconlist-a6245488fd6100eee1fccc405e04fa33  avia-builder-el-38  el_after_av_heading  avia-builder-el-last '><ul class='avia-icon-list avia_animate_when_almost_visible avia-icon-list-left av-iconlist-big av-av_iconlist-a6245488fd6100eee1fccc405e04fa33 avia-iconlist-animate'>\n<li><div class='iconlist_icon av-av_iconlist_item-c6391a91ef31fbe60cc63c7f0b55951e avia-font-entypo-fontello'><span class='iconlist-char' aria-hidden='true' data-av_icon='\ue812' data-av_iconfont='entypo-fontello'><\/span><\/div><article class=\"article-icon-entry \"  itemscope=\"itemscope\" itemtype=\"https:\/\/schema.org\/CreativeWork\" ><div class=\"iconlist_content_wrap\"><header class=\"entry-content-header\"><\/header><div class='iconlist_content '  itemprop=\"text\" ><p>Steigerung Ihrer Attraktivit\u00e4t als Arbeitgeber<\/p>\n<\/div><\/div><footer class=\"entry-footer\"><\/footer><\/article><div class=\"iconlist-timeline\"><\/div><\/li>\n<li><div class='iconlist_icon av-av_iconlist_item-c6391a91ef31fbe60cc63c7f0b55951e avia-font-entypo-fontello'><span class='iconlist-char' aria-hidden='true' data-av_icon='\ue812' data-av_iconfont='entypo-fontello'><\/span><\/div><article class=\"article-icon-entry \"  itemscope=\"itemscope\" itemtype=\"https:\/\/schema.org\/CreativeWork\" ><div class=\"iconlist_content_wrap\"><header class=\"entry-content-header\"><\/header><div class='iconlist_content '  itemprop=\"text\" ><p>Reduzierung krankheitsbedingter Fehlzeiten<\/p>\n<\/div><\/div><footer class=\"entry-footer\"><\/footer><\/article><div class=\"iconlist-timeline\"><\/div><\/li>\n<li><div class='iconlist_icon av-av_iconlist_item-c6391a91ef31fbe60cc63c7f0b55951e avia-font-entypo-fontello'><span class='iconlist-char' aria-hidden='true' data-av_icon='\ue812' data-av_iconfont='entypo-fontello'><\/span><\/div><article class=\"article-icon-entry \"  itemscope=\"itemscope\" itemtype=\"https:\/\/schema.org\/CreativeWork\" ><div class=\"iconlist_content_wrap\"><header class=\"entry-content-header\"><\/header><div class='iconlist_content '  itemprop=\"text\" ><p>Mitarbeiterbindung und erh\u00f6hte Loyalit\u00e4t zu Ihrem Unternehmen<\/p>\n<\/div><\/div><footer class=\"entry-footer\"><\/footer><\/article><div class=\"iconlist-timeline\"><\/div><\/li>\n<li><div class='iconlist_icon av-av_iconlist_item-c6391a91ef31fbe60cc63c7f0b55951e avia-font-entypo-fontello'><span class='iconlist-char' aria-hidden='true' data-av_icon='\ue812' data-av_iconfont='entypo-fontello'><\/span><\/div><article class=\"article-icon-entry \"  itemscope=\"itemscope\" itemtype=\"https:\/\/schema.org\/CreativeWork\" ><div class=\"iconlist_content_wrap\"><header class=\"entry-content-header\"><\/header><div class='iconlist_content '  itemprop=\"text\" ><p>Versicherungsvorteile werden sofort erlebbar<\/p>\n<\/div><\/div><footer class=\"entry-footer\"><\/footer><\/article><div class=\"iconlist-timeline\"><\/div><\/li>\n<li><div class='iconlist_icon av-av_iconlist_item-c6391a91ef31fbe60cc63c7f0b55951e avia-font-entypo-fontello'><span class='iconlist-char' aria-hidden='true' data-av_icon='\ue812' data-av_iconfont='entypo-fontello'><\/span><\/div><article class=\"article-icon-entry \"  itemscope=\"itemscope\" itemtype=\"https:\/\/schema.org\/CreativeWork\" ><div class=\"iconlist_content_wrap\"><header class=\"entry-content-header\"><\/header><div class='iconlist_content '  itemprop=\"text\" ><p>Kosteng\u00fcnstiges Benefit mit hoher Akzeptanz bei Mitarbeiter:innen<\/p>\n<\/div><\/div><footer class=\"entry-footer\"><\/footer><\/article><div class=\"iconlist-timeline\"><\/div><\/li>\n<\/ul><\/div><\/p><\/div>\n<style type=\"text\/css\" data-created_by=\"avia_inline_auto\" id=\"style-css-av-av_one_half-c8fc129dc35fd1ae2a1e410224d39ea8\">\n.flex_column.av-av_one_half-c8fc129dc35fd1ae2a1e410224d39ea8{\n-webkit-border-radius:0px 0px 0px 0px;\n-moz-border-radius:0px 0px 0px 0px;\nborder-radius:0px 0px 0px 0px;\npadding:0px 0px 0px 0px;\n}\n<\/style>\n<div class='flex_column av-av_one_half-c8fc129dc35fd1ae2a1e410224d39ea8 av_one_half  avia-builder-el-39  el_after_av_one_half  avia-builder-el-last  flex_column_div av-zero-column-padding column-top-margin'     ><p>\n<style type=\"text\/css\" data-created_by=\"avia_inline_auto\" id=\"style-css-av-av_heading-51b168e2e2103de3333e710f677017c2\">\n#top .av-special-heading.av-av_heading-51b168e2e2103de3333e710f677017c2{\npadding-bottom:10px;\n}\nbody .av-special-heading.av-av_heading-51b168e2e2103de3333e710f677017c2 .av-special-heading-tag .heading-char{\nfont-size:25px;\n}\n.av-special-heading.av-av_heading-51b168e2e2103de3333e710f677017c2 .av-subheading{\nfont-size:15px;\n}\n<\/style>\n<div  class='av-special-heading av-av_heading-51b168e2e2103de3333e710f677017c2 av-special-heading-h3 blockquote modern-quote modern-centered  avia-builder-el-40  el_before_av_iconlist  avia-builder-el-first '><h3 class='av-special-heading-tag'  itemprop=\"headline\"  >Die Vorteile f\u00fcr Ihre Mitarbeiter:innen<\/h3><div class=\"special-heading-border\"><div class=\"special-heading-inner-border\"><\/div><\/div><\/div><br \/>\n\n<style type=\"text\/css\" data-created_by=\"avia_inline_auto\" id=\"style-css-av-av_iconlist-a6245488fd6100eee1fccc405e04fa33\">\n#top .avia-icon-list-container.av-av_iconlist-a6245488fd6100eee1fccc405e04fa33 .iconlist_icon{\nbackground-color:#34ad46;\n}\n<\/style>\n<div  class='avia-icon-list-container av-av_iconlist-a6245488fd6100eee1fccc405e04fa33  avia-builder-el-41  el_after_av_heading  avia-builder-el-last '><ul class='avia-icon-list avia_animate_when_almost_visible avia-icon-list-left av-iconlist-big av-av_iconlist-a6245488fd6100eee1fccc405e04fa33 avia-iconlist-animate'>\n<li><div class='iconlist_icon av-av_iconlist_item-c6391a91ef31fbe60cc63c7f0b55951e avia-font-entypo-fontello'><span class='iconlist-char' aria-hidden='true' data-av_icon='\ue812' data-av_iconfont='entypo-fontello'><\/span><\/div><article class=\"article-icon-entry \"  itemscope=\"itemscope\" itemtype=\"https:\/\/schema.org\/CreativeWork\" ><div class=\"iconlist_content_wrap\"><header class=\"entry-content-header\"><\/header><div class='iconlist_content '  itemprop=\"text\" ><p>G\u00fcnstigere Beitr\u00e4ge durch spezielle Sonderkonditionen<\/p>\n<\/div><\/div><footer class=\"entry-footer\"><\/footer><\/article><div class=\"iconlist-timeline\"><\/div><\/li>\n<li><div class='iconlist_icon av-av_iconlist_item-c6391a91ef31fbe60cc63c7f0b55951e avia-font-entypo-fontello'><span class='iconlist-char' aria-hidden='true' data-av_icon='\ue812' data-av_iconfont='entypo-fontello'><\/span><\/div><article class=\"article-icon-entry \"  itemscope=\"itemscope\" itemtype=\"https:\/\/schema.org\/CreativeWork\" ><div class=\"iconlist_content_wrap\"><header class=\"entry-content-header\"><\/header><div class='iconlist_content '  itemprop=\"text\" ><p>Familienangeh\u00f6rige k\u00f6nnen ebenfalls mitversichert werden<\/p>\n<\/div><\/div><footer class=\"entry-footer\"><\/footer><\/article><div class=\"iconlist-timeline\"><\/div><\/li>\n<li><div class='iconlist_icon av-av_iconlist_item-c6391a91ef31fbe60cc63c7f0b55951e avia-font-entypo-fontello'><span class='iconlist-char' aria-hidden='true' data-av_icon='\ue812' data-av_iconfont='entypo-fontello'><\/span><\/div><article class=\"article-icon-entry \"  itemscope=\"itemscope\" itemtype=\"https:\/\/schema.org\/CreativeWork\" ><div class=\"iconlist_content_wrap\"><header class=\"entry-content-header\"><\/header><div class='iconlist_content '  itemprop=\"text\" ><p>Privater Zusatzschutz ohne Kosten<\/p>\n<\/div><\/div><footer class=\"entry-footer\"><\/footer><\/article><div class=\"iconlist-timeline\"><\/div><\/li>\n<li><div class='iconlist_icon av-av_iconlist_item-c6391a91ef31fbe60cc63c7f0b55951e avia-font-entypo-fontello'><span class='iconlist-char' aria-hidden='true' data-av_icon='\ue812' data-av_iconfont='entypo-fontello'><\/span><\/div><article class=\"article-icon-entry \"  itemscope=\"itemscope\" itemtype=\"https:\/\/schema.org\/CreativeWork\" ><div class=\"iconlist_content_wrap\"><header class=\"entry-content-header\"><\/header><div class='iconlist_content '  itemprop=\"text\" ><p>Bessere medizinische Versorgung<\/p>\n<\/div><\/div><footer class=\"entry-footer\"><\/footer><\/article><div class=\"iconlist-timeline\"><\/div><\/li>\n<li><div class='iconlist_icon av-av_iconlist_item-c6391a91ef31fbe60cc63c7f0b55951e avia-font-entypo-fontello'><span class='iconlist-char' aria-hidden='true' data-av_icon='\ue812' data-av_iconfont='entypo-fontello'><\/span><\/div><article class=\"article-icon-entry \"  itemscope=\"itemscope\" itemtype=\"https:\/\/schema.org\/CreativeWork\" ><div class=\"iconlist_content_wrap\"><header class=\"entry-content-header\"><\/header><div class='iconlist_content '  itemprop=\"text\" ><p>Keine Gesundheitspr\u00fcfung, keine Wartezeiten und keine Ausschl\u00fcsse<\/p>\n<\/div><\/div><footer class=\"entry-footer\"><\/footer><\/article><div class=\"iconlist-timeline\"><\/div><\/li>\n<\/ul><\/div><\/p><\/div>\n\n<\/div><\/div><\/div><!-- close content main div --><\/div><\/div><\/div><div id='vorteile'  class='avia-section av-av_section-e6ce9758457aab4d7303255faa94d5d7 main_color avia-section-large avia-no-shadow  avia-builder-el-42  el_after_av_section  el_before_av_section  avia-bg-style-scroll container_wrap sidebar_right'  ><div class='container av-section-cont-open' ><div class='template-page content  av-content-small alpha units'><div class='post-entry post-entry-type-page post-entry-485'><div class='entry-content-wrapper clearfix'>\n\n<style type=\"text\/css\" data-created_by=\"avia_inline_auto\" id=\"style-css-av-av_heading-58201e0daaba56a6f2aa130803c88698\">\n#top .av-special-heading.av-av_heading-58201e0daaba56a6f2aa130803c88698{\npadding-bottom:10px;\n}\nbody .av-special-heading.av-av_heading-58201e0daaba56a6f2aa130803c88698 .av-special-heading-tag .heading-char{\nfont-size:25px;\n}\n.av-special-heading.av-av_heading-58201e0daaba56a6f2aa130803c88698 .av-subheading{\nfont-size:15px;\n}\n<\/style>\n<div  class='av-special-heading av-av_heading-58201e0daaba56a6f2aa130803c88698 av-special-heading-h2 blockquote modern-quote  avia-builder-el-43  el_before_av_hr  avia-builder-el-first '><h2 class='av-special-heading-tag'  itemprop=\"headline\"  >Ihre Vorteile<\/h2><div class=\"special-heading-border\"><div class=\"special-heading-inner-border\"><\/div><\/div><\/div>\n\n<style type=\"text\/css\" data-created_by=\"avia_inline_auto\" id=\"style-css-av-av_hr-4474f20d2389e2e5ecf918a02da5132e\">\n#top .hr.hr-invisible.av-av_hr-4474f20d2389e2e5ecf918a02da5132e{\nheight:50px;\n}\n<\/style>\n<div  class='hr av-av_hr-4474f20d2389e2e5ecf918a02da5132e hr-invisible  avia-builder-el-44  el_after_av_heading  el_before_av_one_half '><span class='hr-inner '><span class=\"hr-inner-style\"><\/span><\/span><\/div>\n\n<style type=\"text\/css\" data-created_by=\"avia_inline_auto\" id=\"style-css-av-av_one_half-fb21eeaec60aaab39f4cdf93c36d60ee\">\n.flex_column.av-av_one_half-fb21eeaec60aaab39f4cdf93c36d60ee{\nborder-width:3px;\nborder-color:#34ad46;\nborder-style:solid;\n-webkit-border-radius:0px 0px 0px 0px;\n-moz-border-radius:0px 0px 0px 0px;\nborder-radius:0px 0px 0px 0px;\npadding:2% 1% 0% 2%;\n}\n<\/style>\n<div class='flex_column av-av_one_half-fb21eeaec60aaab39f4cdf93c36d60ee av_one_half  avia-builder-el-45  el_after_av_hr  el_before_av_one_half  first flex_column_div '     ><section  class='av_textblock_section av-av_textblock-2de302bf1aa3cf4c9157dbe6f50ac7eb'  itemscope=\"itemscope\" itemtype=\"https:\/\/schema.org\/CreativeWork\" ><div class='avia_textblock'  itemprop=\"text\" ><h3>Effiziente Verwaltung<\/h3>\n<ul>\n<li>Minimaler Aufwand f\u00fcr Ihre Personalabteilung und Lohnbuchhaltung<\/li>\n<li>Einfache Archivierung<\/li>\n<li>Kurze Reaktionszeit bei R\u00fcckfragen und feste Ansprechpartner:innen<\/li>\n<li>Anbieter\u00fcbergreifende Verwaltung<\/li>\n<li>Digitale Verwaltungsschnittstellen<\/li>\n<\/ul>\n<\/div><\/section><\/div>\n<style type=\"text\/css\" data-created_by=\"avia_inline_auto\" id=\"style-css-av-av_one_half-7ae5409b92fad0dbbf74e4d84cb010db\">\n.flex_column.av-av_one_half-7ae5409b92fad0dbbf74e4d84cb010db{\nborder-width:3px;\nborder-color:#34ad46;\nborder-style:solid;\n-webkit-border-radius:0px 0px 0px 0px;\n-moz-border-radius:0px 0px 0px 0px;\nborder-radius:0px 0px 0px 0px;\npadding:2% 1% 0% 2%;\n}\n<\/style>\n<div class='flex_column av-av_one_half-7ae5409b92fad0dbbf74e4d84cb010db av_one_half  avia-builder-el-47  el_after_av_one_half  el_before_av_one_half  flex_column_div '     ><section  class='av_textblock_section av-av_textblock-2de302bf1aa3cf4c9157dbe6f50ac7eb'  itemscope=\"itemscope\" itemtype=\"https:\/\/schema.org\/CreativeWork\" ><div class='avia_textblock'  itemprop=\"text\" ><h3>Hohe Rechtssicherheit<\/h3>\n<ul>\n<li>Rechtssichere Dokumentation<\/li>\n<li>DSGVO-konforme Kommunikation<\/li>\n<li>Versichererunabh\u00e4ngige Dokumente auf dem aktuellsten Stand<\/li>\n<li>Erstellung einer Versorgungsordnung \/ Betriebsvereinbarung<\/li>\n<li>Juristisch gepr\u00fcfte Vertragsunterlagen<\/li>\n<\/ul>\n<\/div><\/section><\/div>\n<style type=\"text\/css\" data-created_by=\"avia_inline_auto\" id=\"style-css-av-av_one_half-fb21eeaec60aaab39f4cdf93c36d60ee\">\n.flex_column.av-av_one_half-fb21eeaec60aaab39f4cdf93c36d60ee{\nborder-width:3px;\nborder-color:#34ad46;\nborder-style:solid;\n-webkit-border-radius:0px 0px 0px 0px;\n-moz-border-radius:0px 0px 0px 0px;\nborder-radius:0px 0px 0px 0px;\npadding:2% 1% 0% 2%;\n}\n<\/style>\n<div class='flex_column av-av_one_half-fb21eeaec60aaab39f4cdf93c36d60ee av_one_half  avia-builder-el-49  el_after_av_one_half  el_before_av_one_half  first flex_column_div column-top-margin'     ><section  class='av_textblock_section av-av_textblock-2de302bf1aa3cf4c9157dbe6f50ac7eb'  itemscope=\"itemscope\" itemtype=\"https:\/\/schema.org\/CreativeWork\" ><div class='avia_textblock'  itemprop=\"text\" ><h3>Alles aus einer Hand<\/h3>\n<ul>\n<li>Von der Beratung \u00fcber die Implementierung bis zur Nachbetreuung: Wir \u00fcbernehmen f\u00fcr Sie<\/li>\n<li>Entlastung von administrativen T\u00e4tigkeiten<\/li>\n<li>Langj\u00e4hrige Erfahrung in der Mitarbeiterberatung<\/li>\n<li>Beratung im Einklang mit der Vermittlerrichtlinie<\/li>\n<li>Proaktive Information \u00fcber rechtliche \u00c4nderungen in der bAV<\/li>\n<\/ul>\n<\/div><\/section><\/div>\n<style type=\"text\/css\" data-created_by=\"avia_inline_auto\" id=\"style-css-av-av_one_half-7ae5409b92fad0dbbf74e4d84cb010db\">\n.flex_column.av-av_one_half-7ae5409b92fad0dbbf74e4d84cb010db{\nborder-width:3px;\nborder-color:#34ad46;\nborder-style:solid;\n-webkit-border-radius:0px 0px 0px 0px;\n-moz-border-radius:0px 0px 0px 0px;\nborder-radius:0px 0px 0px 0px;\npadding:2% 1% 0% 2%;\n}\n<\/style>\n<div class='flex_column av-av_one_half-7ae5409b92fad0dbbf74e4d84cb010db av_one_half  avia-builder-el-51  el_after_av_one_half  avia-builder-el-last  flex_column_div column-top-margin'     ><section  class='av_textblock_section av-av_textblock-2de302bf1aa3cf4c9157dbe6f50ac7eb'  itemscope=\"itemscope\" itemtype=\"https:\/\/schema.org\/CreativeWork\" ><div class='avia_textblock'  itemprop=\"text\" ><h3>Employer Branding<\/h3>\n<ul>\n<li>Positionierung als arbeitnehmerfreundliches und vorausschauendes Unternehmen<\/li>\n<li>Gewinnung neuer Mitarbeiter:innen<\/li>\n<li>St\u00e4rkung von Wertsch\u00e4tzung und Vertrauen<\/li>\n<li>Instrument zur Mitarbeiterbindung<\/li>\n<li>Absetzen vom Wettbewerb<\/li>\n<\/ul>\n<\/div><\/section><\/div>\n\n<\/div><\/div><\/div><!-- close content main div --><\/div><\/div>\n<style type=\"text\/css\" data-created_by=\"avia_inline_auto\" id=\"style-css-av-av_section-76df57f1612486a07b20585b6afc8014\">\n.avia-section.av-av_section-76df57f1612486a07b20585b6afc8014{\nbackground-color:#f2f9f3;\nbackground-image:unset;\n}\n<\/style>\n<div id='kontakt'  class='avia-section av-av_section-76df57f1612486a07b20585b6afc8014 main_color avia-section-large avia-no-shadow  avia-builder-el-53  el_after_av_section  avia-builder-el-last  avia-bg-style-scroll container_wrap sidebar_right'  ><div class='container av-section-cont-open' ><div class='template-page content  av-content-small alpha units'><div class='post-entry post-entry-type-page post-entry-485'><div class='entry-content-wrapper clearfix'>\n\n<style type=\"text\/css\" data-created_by=\"avia_inline_auto\" id=\"style-css-av-av_heading-cc306c8fb661cee78e9e9d0138132c49\">\n#top .av-special-heading.av-av_heading-cc306c8fb661cee78e9e9d0138132c49{\npadding-bottom:10px;\n}\nbody .av-special-heading.av-av_heading-cc306c8fb661cee78e9e9d0138132c49 .av-special-heading-tag .heading-char{\nfont-size:25px;\n}\n.av-special-heading.av-av_heading-cc306c8fb661cee78e9e9d0138132c49 .av-subheading{\nfont-size:15px;\n}\n<\/style>\n<div  class='av-special-heading av-av_heading-cc306c8fb661cee78e9e9d0138132c49 av-special-heading-h2 blockquote modern-quote modern-centered  avia-builder-el-54  el_before_av_hr  avia-builder-el-first '><h2 class='av-special-heading-tag'  itemprop=\"headline\"  >Kontakt<\/h2><div class=\"special-heading-border\"><div class=\"special-heading-inner-border\"><\/div><\/div><\/div>\n\n<style type=\"text\/css\" data-created_by=\"avia_inline_auto\" id=\"style-css-av-av_hr-616cd310f4c6bf63bbd1f033802c1165\">\n#top .hr.hr-invisible.av-av_hr-616cd310f4c6bf63bbd1f033802c1165{\nheight:20px;\n}\n<\/style>\n<div  class='hr av-av_hr-616cd310f4c6bf63bbd1f033802c1165 hr-invisible  avia-builder-el-55  el_after_av_heading  el_before_av_textblock '><span class='hr-inner '><span class=\"hr-inner-style\"><\/span><\/span><\/div>\n<section  class='av_textblock_section av-av_textblock-2de302bf1aa3cf4c9157dbe6f50ac7eb'  itemscope=\"itemscope\" itemtype=\"https:\/\/schema.org\/CreativeWork\" ><div class='avia_textblock'  itemprop=\"text\" ><p style=\"text-align: center;\">Wir sind gerne pers\u00f6nlich f\u00fcr Sie da und beraten Sie unverbindlich \u00fcber betriebliche Vorsorgel\u00f6sungen f\u00fcr Ihre Mitarbeiter:innen!<\/p>\n<\/div><\/section>\n\n<style type=\"text\/css\" data-created_by=\"avia_inline_auto\" id=\"style-css-av-av_one_full-15d750bd1b332b34c6e70b077ebbccdf\">\n.flex_column.av-av_one_full-15d750bd1b332b34c6e70b077ebbccdf{\n-webkit-border-radius:0px 0px 0px 0px;\n-moz-border-radius:0px 0px 0px 0px;\nborder-radius:0px 0px 0px 0px;\npadding:0px 0px 0px 0px;\n}\n<\/style>\n<div class='flex_column av-av_one_full-15d750bd1b332b34c6e70b077ebbccdf av_one_full  avia-builder-el-57  el_after_av_textblock  avia-builder-el-last  first flex_column_div av-zero-column-padding column-top-margin'     ><p>\n<style type=\"text\/css\" data-created_by=\"avia_inline_auto\" id=\"style-css-av-av_image-13c096706be4b461b32ff459ac793f1f\">\n.avia-image-container.av-av_image-13c096706be4b461b32ff459ac793f1f img.avia_image{\nbox-shadow:none;\n}\n.avia-image-container.av-av_image-13c096706be4b461b32ff459ac793f1f .av-image-caption-overlay-center{\ncolor:#ffffff;\n}\n<\/style>\n<div  class='avia-image-container av-av_image-13c096706be4b461b32ff459ac793f1f av-styling- avia-align-center  avia-builder-el-58  el_before_av_hr  avia-builder-el-first '   itemprop=\"image\" itemscope=\"itemscope\" itemtype=\"https:\/\/schema.org\/ImageObject\" ><div class=\"avia-image-container-inner\"><div class=\"avia-image-overlay-wrap\"><img decoding=\"async\" class='wp-image-1728 avia-img-lazy-loading-not-1728 avia_image ' src=\"https:\/\/vorsorge.bav.digital\/forumarbeitgebervorsorge\/wp-content\/uploads\/sites\/103\/2021\/10\/sven-koerner.png\" alt='Sven K\u00f6rner' title='Sven K\u00f6rner'  height=\"295\" width=\"367\"  itemprop=\"thumbnailUrl\" srcset=\"https:\/\/vorsorge.bav.digital\/forumarbeitgebervorsorge\/wp-content\/uploads\/sites\/103\/2021\/10\/sven-koerner.png 367w, https:\/\/vorsorge.bav.digital\/forumarbeitgebervorsorge\/wp-content\/uploads\/sites\/103\/2021\/10\/sven-koerner-300x241.png 300w\" sizes=\"(max-width: 367px) 100vw, 367px\" \/><\/div><\/div><\/div><br \/>\n\n<style type=\"text\/css\" data-created_by=\"avia_inline_auto\" id=\"style-css-av-av_hr-616cd310f4c6bf63bbd1f033802c1165\">\n#top .hr.hr-invisible.av-av_hr-616cd310f4c6bf63bbd1f033802c1165{\nheight:20px;\n}\n<\/style>\n<div  class='hr av-av_hr-616cd310f4c6bf63bbd1f033802c1165 hr-invisible  avia-builder-el-59  el_after_av_image  el_before_av_textblock '><span class='hr-inner '><span class=\"hr-inner-style\"><\/span><\/span><\/div><br \/>\n<section  class='av_textblock_section av-av_textblock-2de302bf1aa3cf4c9157dbe6f50ac7eb'  itemscope=\"itemscope\" itemtype=\"https:\/\/schema.org\/CreativeWork\" ><div class='avia_textblock'  itemprop=\"text\" ><h3 style=\"text-align: center;\">Sven K\u00f6rner<\/h3>\n<p style=\"text-align: center;\"><strong>Telefon<\/strong> +49 40 &#8211; 241 97 179<br \/>\n<strong>E-Mail <\/strong><a href=\"mailto:sven.koerner@avw-gruppe.de\">sven.koerner@avw-gruppe.de<\/a><\/p>\n<\/div><\/section><\/p><\/div><\/div><\/div><\/div><!-- close content main div --><\/div><\/div><div id='after_section_6'  class='main_color av_default_container_wrap container_wrap sidebar_right'  ><div class='container av-section-cont-open' ><div class='template-page content  av-content-small alpha units'><div class='post-entry post-entry-type-page post-entry-485'><div class='entry-content-wrapper clearfix'>\n","protected":false},"excerpt":{"rendered":"","protected":false},"author":18,"featured_media":0,"parent":0,"menu_order":10,"comment_status":"closed","ping_status":"closed","template":"","meta":{"footnotes":""},"class_list":["post-485","page","type-page","status-publish","hentry"],"yoast_head":"<!-- This site is optimized with the Yoast SEO plugin v27.5 - https:\/\/yoast.com\/product\/yoast-seo-wordpress\/ -->\n<title>Startseite - FORUM Arbeitgebervorsorge<\/title>\n<meta name=\"robots\" content=\"index, follow, max-snippet:-1, max-image-preview:large, max-video-preview:-1\" \/>\n<link rel=\"canonical\" href=\"https:\/\/vorsorge.bav.digital\/forumarbeitgebervorsorge\/\" \/>\n<meta property=\"og:locale\" content=\"de_DE\" \/>\n<meta property=\"og:type\" content=\"article\" \/>\n<meta property=\"og:title\" content=\"Startseite - FORUM Arbeitgebervorsorge\" \/>\n<meta property=\"og:url\" content=\"https:\/\/vorsorge.bav.digital\/forumarbeitgebervorsorge\/\" \/>\n<meta property=\"og:site_name\" content=\"FORUM Arbeitgebervorsorge\" \/>\n<meta property=\"article:modified_time\" content=\"2021-10-27T12:27:45+00:00\" \/>\n<meta name=\"twitter:card\" content=\"summary_large_image\" \/>\n<meta name=\"twitter:label1\" content=\"Gesch\u00e4tzte Lesezeit\" \/>\n\t<meta name=\"twitter:data1\" content=\"3\u00a0Minuten\" \/>\n<script type=\"application\/ld+json\" class=\"yoast-schema-graph\">{\"@context\":\"https:\\\/\\\/schema.org\",\"@graph\":[{\"@type\":\"WebPage\",\"@id\":\"https:\\\/\\\/vorsorge.bav.digital\\\/forumarbeitgebervorsorge\\\/\",\"url\":\"https:\\\/\\\/vorsorge.bav.digital\\\/forumarbeitgebervorsorge\\\/\",\"name\":\"Startseite - FORUM Arbeitgebervorsorge\",\"isPartOf\":{\"@id\":\"https:\\\/\\\/vorsorge.bav.digital\\\/forumarbeitgebervorsorge\\\/#website\"},\"datePublished\":\"2017-11-28T09:00:41+00:00\",\"dateModified\":\"2021-10-27T12:27:45+00:00\",\"breadcrumb\":{\"@id\":\"https:\\\/\\\/vorsorge.bav.digital\\\/forumarbeitgebervorsorge\\\/#breadcrumb\"},\"inLanguage\":\"de\",\"potentialAction\":[{\"@type\":\"ReadAction\",\"target\":[\"https:\\\/\\\/vorsorge.bav.digital\\\/forumarbeitgebervorsorge\\\/\"]}]},{\"@type\":\"BreadcrumbList\",\"@id\":\"https:\\\/\\\/vorsorge.bav.digital\\\/forumarbeitgebervorsorge\\\/#breadcrumb\",\"itemListElement\":[{\"@type\":\"ListItem\",\"position\":1,\"name\":\"Startseite\",\"item\":\"https:\\\/\\\/vorsorge.bav.digital\\\/forumarbeitgebervorsorge\\\/\"},{\"@type\":\"ListItem\",\"position\":2,\"name\":\"Startseite\"}]},{\"@type\":\"WebSite\",\"@id\":\"https:\\\/\\\/vorsorge.bav.digital\\\/forumarbeitgebervorsorge\\\/#website\",\"url\":\"https:\\\/\\\/vorsorge.bav.digital\\\/forumarbeitgebervorsorge\\\/\",\"name\":\"FORUM Arbeitgebervorsorge\",\"description\":\"\",\"potentialAction\":[{\"@type\":\"SearchAction\",\"target\":{\"@type\":\"EntryPoint\",\"urlTemplate\":\"https:\\\/\\\/vorsorge.bav.digital\\\/forumarbeitgebervorsorge\\\/?s={search_term_string}\"},\"query-input\":{\"@type\":\"PropertyValueSpecification\",\"valueRequired\":true,\"valueName\":\"search_term_string\"}}],\"inLanguage\":\"de\"}]}<\/script>\n<!-- \/ Yoast SEO plugin. -->","yoast_head_json":{"title":"Startseite - FORUM Arbeitgebervorsorge","robots":{"index":"index","follow":"follow","max-snippet":"max-snippet:-1","max-image-preview":"max-image-preview:large","max-video-preview":"max-video-preview:-1"},"canonical":"https:\/\/vorsorge.bav.digital\/forumarbeitgebervorsorge\/","og_locale":"de_DE","og_type":"article","og_title":"Startseite - FORUM Arbeitgebervorsorge","og_url":"https:\/\/vorsorge.bav.digital\/forumarbeitgebervorsorge\/","og_site_name":"FORUM Arbeitgebervorsorge","article_modified_time":"2021-10-27T12:27:45+00:00","twitter_card":"summary_large_image","twitter_misc":{"Gesch\u00e4tzte Lesezeit":"3\u00a0Minuten"},"schema":{"@context":"https:\/\/schema.org","@graph":[{"@type":"WebPage","@id":"https:\/\/vorsorge.bav.digital\/forumarbeitgebervorsorge\/","url":"https:\/\/vorsorge.bav.digital\/forumarbeitgebervorsorge\/","name":"Startseite - FORUM Arbeitgebervorsorge","isPartOf":{"@id":"https:\/\/vorsorge.bav.digital\/forumarbeitgebervorsorge\/#website"},"datePublished":"2017-11-28T09:00:41+00:00","dateModified":"2021-10-27T12:27:45+00:00","breadcrumb":{"@id":"https:\/\/vorsorge.bav.digital\/forumarbeitgebervorsorge\/#breadcrumb"},"inLanguage":"de","potentialAction":[{"@type":"ReadAction","target":["https:\/\/vorsorge.bav.digital\/forumarbeitgebervorsorge\/"]}]},{"@type":"BreadcrumbList","@id":"https:\/\/vorsorge.bav.digital\/forumarbeitgebervorsorge\/#breadcrumb","itemListElement":[{"@type":"ListItem","position":1,"name":"Startseite","item":"https:\/\/vorsorge.bav.digital\/forumarbeitgebervorsorge\/"},{"@type":"ListItem","position":2,"name":"Startseite"}]},{"@type":"WebSite","@id":"https:\/\/vorsorge.bav.digital\/forumarbeitgebervorsorge\/#website","url":"https:\/\/vorsorge.bav.digital\/forumarbeitgebervorsorge\/","name":"FORUM Arbeitgebervorsorge","description":"","potentialAction":[{"@type":"SearchAction","target":{"@type":"EntryPoint","urlTemplate":"https:\/\/vorsorge.bav.digital\/forumarbeitgebervorsorge\/?s={search_term_string}"},"query-input":{"@type":"PropertyValueSpecification","valueRequired":true,"valueName":"search_term_string"}}],"inLanguage":"de"}]}},"_links":{"self":[{"href":"https:\/\/vorsorge.bav.digital\/forumarbeitgebervorsorge\/wp-json\/wp\/v2\/pages\/485","targetHints":{"allow":["GET"]}}],"collection":[{"href":"https:\/\/vorsorge.bav.digital\/forumarbeitgebervorsorge\/wp-json\/wp\/v2\/pages"}],"about":[{"href":"https:\/\/vorsorge.bav.digital\/forumarbeitgebervorsorge\/wp-json\/wp\/v2\/types\/page"}],"author":[{"embeddable":true,"href":"https:\/\/vorsorge.bav.digital\/forumarbeitgebervorsorge\/wp-json\/wp\/v2\/users\/18"}],"replies":[{"embeddable":true,"href":"https:\/\/vorsorge.bav.digital\/forumarbeitgebervorsorge\/wp-json\/wp\/v2\/comments?post=485"}],"version-history":[{"count":262,"href":"https:\/\/vorsorge.bav.digital\/forumarbeitgebervorsorge\/wp-json\/wp\/v2\/pages\/485\/revisions"}],"predecessor-version":[{"id":1756,"href":"https:\/\/vorsorge.bav.digital\/forumarbeitgebervorsorge\/wp-json\/wp\/v2\/pages\/485\/revisions\/1756"}],"wp:attachment":[{"href":"https:\/\/vorsorge.bav.digital\/forumarbeitgebervorsorge\/wp-json\/wp\/v2\/media?parent=485"}],"curies":[{"name":"wp","href":"https:\/\/api.w.org\/{rel}","templated":true}]}}