{"id":1576,"date":"2021-10-29T12:24:19","date_gmt":"2021-10-29T10:24:19","guid":{"rendered":"https:\/\/vorsorge.bav.digital\/gls\/?page_id=1576"},"modified":"2025-10-15T15:06:11","modified_gmt":"2025-10-15T13:06:11","slug":"start-3","status":"publish","type":"page","link":"https:\/\/vorsorge.bav.digital\/gls\/start-3\/","title":{"rendered":"Startseite Kooperationspartner mit wayly-Link"},"content":{"rendered":"<div id='full_slider_1'  class='avia-fullwidth-slider main_color avia-shadow   avia-builder-el-0  el_before_av_section  avia-builder-el-first   container_wrap sidebar_right'  ><div  class='avia-slideshow av-rpdliw-385c868074481a32b768c438b4ee0b3b avia-slideshow-no scaling av_slideshow_full avia-fade-slider av-slideshow-ui av-control-hidden av-no-slider-navigation av-hide-nav-arrows av-slideshow-manual av-loop-once av-loop-manual-endless av-default-height-applied   avia-slideshow-1' data-slideshow-options=\"{&quot;animation&quot;:&quot;fade&quot;,&quot;autoplay&quot;:false,&quot;loop_autoplay&quot;:&quot;once&quot;,&quot;interval&quot;:100,&quot;loop_manual&quot;:&quot;manual-endless&quot;,&quot;autoplay_stopper&quot;:false,&quot;noNavigation&quot;:true,&quot;bg_slider&quot;:false,&quot;keep_padding&quot;:false,&quot;hoverpause&quot;:false,&quot;show_slide_delay&quot;:0}\"  itemprop=\"image\" itemscope=\"itemscope\" itemtype=\"https:\/\/schema.org\/ImageObject\" ><ul class='avia-slideshow-inner ' style='padding-bottom: 31.5234375%;'><li  class='avia-slideshow-slide av-rpdliw-385c868074481a32b768c438b4ee0b3b__0  av-single-slide slide-1 slide-odd'><div data-rel='slideshow-1' class='avia-slide-wrap '   ><img decoding=\"async\" class=\"wp-image-1381 avia-img-lazy-loading-not-1381\"  src=\"https:\/\/vorsorge.bav.digital\/gls\/wp-content\/uploads\/sites\/96\/2021\/06\/header-startseite-scaled.jpg\" width=\"2560\" height=\"807\" title='Header-Startseite' alt=''  itemprop=\"thumbnailUrl\" srcset=\"https:\/\/vorsorge.bav.digital\/gls\/wp-content\/uploads\/sites\/96\/2021\/06\/header-startseite-scaled.jpg 2560w, https:\/\/vorsorge.bav.digital\/gls\/wp-content\/uploads\/sites\/96\/2021\/06\/header-startseite-300x95.jpg 300w, https:\/\/vorsorge.bav.digital\/gls\/wp-content\/uploads\/sites\/96\/2021\/06\/header-startseite-1030x325.jpg 1030w, https:\/\/vorsorge.bav.digital\/gls\/wp-content\/uploads\/sites\/96\/2021\/06\/header-startseite-768x242.jpg 768w, https:\/\/vorsorge.bav.digital\/gls\/wp-content\/uploads\/sites\/96\/2021\/06\/header-startseite-1536x484.jpg 1536w, https:\/\/vorsorge.bav.digital\/gls\/wp-content\/uploads\/sites\/96\/2021\/06\/header-startseite-2048x646.jpg 2048w, https:\/\/vorsorge.bav.digital\/gls\/wp-content\/uploads\/sites\/96\/2021\/06\/header-startseite-1500x473.jpg 1500w, https:\/\/vorsorge.bav.digital\/gls\/wp-content\/uploads\/sites\/96\/2021\/06\/header-startseite-705x222.jpg 705w, https:\/\/vorsorge.bav.digital\/gls\/wp-content\/uploads\/sites\/96\/2021\/06\/header-startseite-450x142.jpg 450w\" sizes=\"(max-width: 2560px) 100vw, 2560px\" \/><\/div><\/li><\/ul><\/div><\/div>\n<div id='av_section_1'  class='avia-section av-oe71nc-a73c3614982f21654e469b3b5f657288 main_color avia-section-default avia-no-shadow  avia-builder-el-1  el_after_av_slideshow_full  avia-builder-el-last  avia-bg-style-scroll container_wrap sidebar_right'  ><div class='container av-section-cont-open' ><div class='template-page content  av-content-small alpha units'><div class='post-entry post-entry-type-page post-entry-1576'><div class='entry-content-wrapper clearfix'>\n\n<style type=\"text\/css\" data-created_by=\"avia_inline_auto\" id=\"style-css-av-m03c54-e0276d80eb9fca5602f534fc319247b5\">\n#top .av-special-heading.av-m03c54-e0276d80eb9fca5602f534fc319247b5{\npadding-bottom:40px;\n}\nbody .av-special-heading.av-m03c54-e0276d80eb9fca5602f534fc319247b5 .av-special-heading-tag .heading-char{\nfont-size:25px;\n}\n.av-special-heading.av-m03c54-e0276d80eb9fca5602f534fc319247b5 .av-subheading{\nfont-size:15px;\n}\n<\/style>\n<div  class='av-special-heading av-m03c54-e0276d80eb9fca5602f534fc319247b5 av-special-heading-h1 blockquote modern-quote modern-centered  avia-builder-el-2  el_before_av_heading  avia-builder-el-first '><h1 class='av-special-heading-tag'  itemprop=\"headline\"  >Herzlich willkommen<\/h1><div class='av-subheading av-subheading_below'><p>auf den Seiten der GLS-Vorsorge!<\/p>\n<\/div><div class=\"special-heading-border\"><div class=\"special-heading-inner-border\"><\/div><\/div><\/div>\n\n<style type=\"text\/css\" data-created_by=\"avia_inline_auto\" id=\"style-css-av-kkfjzc-d3ada45633596297a230aa51756a3402\">\n#top .av-special-heading.av-kkfjzc-d3ada45633596297a230aa51756a3402{\npadding-bottom:10px;\n}\nbody .av-special-heading.av-kkfjzc-d3ada45633596297a230aa51756a3402 .av-special-heading-tag .heading-char{\nfont-size:25px;\n}\n.av-special-heading.av-kkfjzc-d3ada45633596297a230aa51756a3402 .av-subheading{\nfont-size:15px;\n}\n<\/style>\n<div  class='av-special-heading av-kkfjzc-d3ada45633596297a230aa51756a3402 av-special-heading-h2 blockquote modern-quote  avia-builder-el-3  el_after_av_heading  el_before_av_three_fourth '><h2 class='av-special-heading-tag'  itemprop=\"headline\"  >Sorgenfrei in die Zukunft blicken<\/h2><div class=\"special-heading-border\"><div class=\"special-heading-inner-border\"><\/div><\/div><\/div>\n\n<style type=\"text\/css\" data-created_by=\"avia_inline_auto\" id=\"style-css-av-1vdvgo-fac85e5a549dc088ecda75095f1b964a\">\n.flex_column.av-1vdvgo-fac85e5a549dc088ecda75095f1b964a{\n-webkit-border-radius:0px 0px 0px 0px;\n-moz-border-radius:0px 0px 0px 0px;\nborder-radius:0px 0px 0px 0px;\npadding:0px 0px 0px 0px;\n}\n<\/style>\n<div class='flex_column av-1vdvgo-fac85e5a549dc088ecda75095f1b964a av_three_fourth  avia-builder-el-4  el_after_av_heading  el_before_av_one_fourth  first flex_column_div av-zero-column-padding '     ><section  class='av_textblock_section av-hw9emw-cf7275012ac049dae8a761f0a820255b'  itemscope=\"itemscope\" itemtype=\"https:\/\/schema.org\/CreativeWork\" ><div class='avia_textblock'  itemprop=\"text\" ><p>Uns bei GLS liegt es am Herzen, dass Ihr unbeschwert an Eure Zukunft denken k\u00f6nnt. Um Euch hier tatkr\u00e4ftig zu unterst\u00fctzen, haben wir unsere betriebliche Vorsorge komplett neu aufgesetzt. Unser Ziel ist es, das Thema so einfach und unkompliziert wie m\u00f6glich f\u00fcr Euch zu gestalten. AON und die Ecclesia Pension &amp; Benefits GmbH \u00fcbernehmen als unsere Partner die Beratung zur betrieblichen Vorsorge bzw. die Verwaltung der bestehenden Vertr\u00e4ge.<\/p>\n<p>Mit unseren Vorsorgeangeboten bieten wir Euch lukrative und attraktive M\u00f6glichkeiten, denn wir bezuschussen Eure Beitr\u00e4ge mit 15 % (mind. 15\u20ac) *. Die betriebliche Altersvorsorge bietet Euch die Chance, aktiv etwas f\u00fcr Eure Rente zu tun. Denn die gesetzliche Rente allein reicht in Zukunft nicht mehr aus. Zu erwarten sind circa 44 Prozent des aktuellen Durchschnittseinkommens (bei 45 Jahren Beitragszahlung auf Basis eines durchschnittlichen Einkommens). Bei der Auszahlung wird die Rente zudem noch versteuert und verliert durch die Inflation \u00fcber die Jahre an Kaufkraft. Das hei\u00dft: Jeder von uns braucht neben der gesetzlichen Rente eine zus\u00e4tzliche Altersversorgung.<\/p>\n<p>Die betriebliche Berufsunf\u00e4higkeitsvorsorge dient dazu, Euch im Falle eines Unfalls oder Krankheit abzusichern. Denn laut Statistik wird jeder Vierte im Laufe des Arbeitslebens f\u00fcr einen bestimmten Zeitraum berufsunf\u00e4hig und die daraus resultierenden finanziellen Folgen sind h\u00e4ufig gravierend.<\/p>\n<p>Werdet jetzt aktiv. Nutzt die Gelegenheit und lasst Euch von unserem Partner, der Ecclesia Pension &amp; Benefits GmbH, beraten.<\/p>\n<\/div><\/section><\/div>\n<style type=\"text\/css\" data-created_by=\"avia_inline_auto\" id=\"style-css-av-fp9tt4-e1d585d7e81a4f3cc81a7a444930a9fd\">\n.flex_column.av-fp9tt4-e1d585d7e81a4f3cc81a7a444930a9fd{\nborder-width:1px;\nborder-color:#e8e8e8;\nborder-style:solid;\n-webkit-border-radius:0px 0px 0px 0px;\n-moz-border-radius:0px 0px 0px 0px;\nborder-radius:0px 0px 0px 0px;\npadding:0px 0px 0px 0px;\nbackground-color:#f0f7fd;\n}\n<\/style>\n<div class='flex_column av-fp9tt4-e1d585d7e81a4f3cc81a7a444930a9fd av_one_fourth  avia-builder-el-6  el_after_av_three_fourth  el_before_av_one_full  flex_column_div av-zero-column-padding '     ><p>\n<style type=\"text\/css\" data-created_by=\"avia_inline_auto\" id=\"style-css-av-e1vu7s-5a8908773375acd847cf969ac4647f02\">\n#top .hr.hr-invisible.av-e1vu7s-5a8908773375acd847cf969ac4647f02{\nheight:50px;\n}\n<\/style>\n<div  class='hr av-e1vu7s-5a8908773375acd847cf969ac4647f02 hr-invisible  avia-builder-el-7  el_before_av_image  avia-builder-el-first '><span class='hr-inner '><span class=\"hr-inner-style\"><\/span><\/span><\/div><br \/>\n\n<style type=\"text\/css\" data-created_by=\"avia_inline_auto\" id=\"style-css-av-cs1gmw-bc91734a9fea1d50e7feb855f97054c0\">\n.avia-image-container.av-cs1gmw-bc91734a9fea1d50e7feb855f97054c0 img.avia_image{\nbox-shadow:none;\n}\n.avia-image-container.av-cs1gmw-bc91734a9fea1d50e7feb855f97054c0 .av-image-caption-overlay-center{\ncolor:#ffffff;\n}\n<\/style>\n<div  class='avia-image-container av-cs1gmw-bc91734a9fea1d50e7feb855f97054c0 av-styling- avia-align-center  avia-builder-el-8  el_after_av_hr  el_before_av_textblock '   itemprop=\"image\" itemscope=\"itemscope\" itemtype=\"https:\/\/schema.org\/ImageObject\" ><div class=\"avia-image-container-inner\"><div class=\"avia-image-overlay-wrap\"><a href=\"https:\/\/www.ps-vorsorgeportal.de\/portal\/login.jsp?submitted=ja&amp;loginname=generallogisticssystemsgermanygmbh%26co.ohg&amp;pswd=X9oc5nQ &amp;redirectPage=L2FwcC9tb2R1bGUvbXVsdGlyb2JvP3Nob3dBZ1NlbGVjdD10cnVl&amp;frame=true\" class='avia_image' target=\"_blank\" rel=\"noopener noreferrer\"><img decoding=\"async\" class='wp-image-1577 avia-img-lazy-loading-not-1577 avia_image ' src=\"https:\/\/vorsorge.bav.digital\/gls\/wp-content\/uploads\/sites\/96\/2021\/10\/button-bobbel-mit-pfeil.png\" alt='' title='Button Bobbel mit Pfeil'  height=\"169\" width=\"179\"  itemprop=\"thumbnailUrl\"  \/><\/a><\/div><\/div><\/div><br \/>\n<section  class='av_textblock_section av-akanvc-d594c40d462821f0e844ca4d2590f632'  itemscope=\"itemscope\" itemtype=\"https:\/\/schema.org\/CreativeWork\" ><div class='avia_textblock'  itemprop=\"text\" ><p style=\"text-align: center;\">Ihr m\u00f6chtet Euch \u00fcber unsere digitale Beratungsplattform informieren? Hier geht es zu <a href=\"https:\/\/www.ps-vorsorgeportal.de\/portal\/login.jsp?submitted=ja&amp;loginname=generallogisticssystemsgermanygmbh%26co.ohg&amp;pswd=X9oc5nQ &amp;redirectPage=L2FwcC9tb2R1bGUvbXVsdGlyb2JvP3Nob3dBZ1NlbGVjdD10cnVl&amp;frame=true\" target=\"_blank\" rel=\"noopener\">wayly<\/a>.<\/p>\n<\/div><\/section><br \/>\n\n<style type=\"text\/css\" data-created_by=\"avia_inline_auto\" id=\"style-css-av-9c1xwo-7070caf29099c26c112015500aa19d5d\">\n#top .hr.hr-invisible.av-9c1xwo-7070caf29099c26c112015500aa19d5d{\nheight:30px;\n}\n<\/style>\n<div  class='hr av-9c1xwo-7070caf29099c26c112015500aa19d5d hr-invisible  avia-builder-el-10  el_after_av_textblock  avia-builder-el-last '><span class='hr-inner '><span class=\"hr-inner-style\"><\/span><\/span><\/div><\/p><\/div>\n<style type=\"text\/css\" data-created_by=\"avia_inline_auto\" id=\"style-css-av-7abmco-f802b78463f5267d5fdbbf42862b97f2\">\n.flex_column.av-7abmco-f802b78463f5267d5fdbbf42862b97f2{\n-webkit-border-radius:0px 0px 0px 0px;\n-moz-border-radius:0px 0px 0px 0px;\nborder-radius:0px 0px 0px 0px;\npadding:0px 0px 0px 0px;\n}\n<\/style>\n<div class='flex_column av-7abmco-f802b78463f5267d5fdbbf42862b97f2 av_one_full  avia-builder-el-11  el_after_av_one_fourth  avia-builder-el-last  first flex_column_div av-zero-column-padding column-top-margin'     ><p><div  id=\"av-sc-portfolio-1\"  class=' grid-sort-container isotope   no_margin-container with-excerpt-container grid-total-odd grid-col-3 grid-links-' data-portfolio-id='1'><div data-ajax-id='335' class=' grid-entry flex_column isotope-item all_sort no_margin post-entry post-entry-335 grid-entry-overview grid-loop-1 grid-parity-odd  bav_sort bav-bu_sort bav-bu-ksp_sort  av_one_third first default_av_fullwidth '><article class='main_color inner-entry'  itemscope=\"itemscope\" itemtype=\"https:\/\/schema.org\/CreativeWork\" ><a href=\"https:\/\/vorsorge.bav.digital\/gls\/bav\" title='Alles zur betrieblichen Altersvorsorge'  data-rel='grid-1' class='grid-image avia-hover-fx'> <img decoding=\"async\" width=\"495\" height=\"400\" src=\"https:\/\/vorsorge.bav.digital\/gls\/wp-content\/uploads\/sites\/96\/2017\/10\/istock-1198993120_bearbeitet-2-495x400.jpg\" class=\"wp-image-1435 avia-img-lazy-loading-not-1435 attachment-portfolio size-portfolio wp-post-image\" alt=\"\" srcset=\"https:\/\/vorsorge.bav.digital\/gls\/wp-content\/uploads\/sites\/96\/2017\/10\/istock-1198993120_bearbeitet-2-495x400.jpg 495w, https:\/\/vorsorge.bav.digital\/gls\/wp-content\/uploads\/sites\/96\/2017\/10\/istock-1198993120_bearbeitet-2-845x684.jpg 845w\" sizes=\"(max-width: 495px) 100vw, 495px\" \/><\/a><div class='grid-content'><div class='avia-arrow'><\/div><header class=\"entry-content-header\"><h3 class='grid-entry-title entry-title '  itemprop=\"headline\" >Alles zur betrieblichen Altersvorsorge<\/h3><\/header><\/div><footer class=\"entry-footer\"><\/footer><\/article><\/div><div data-ajax-id='333' class=' grid-entry flex_column isotope-item all_sort no_margin post-entry post-entry-333 grid-entry-overview grid-loop-2 grid-parity-even  bav-bu_sort bu_sort  av_one_third  default_av_fullwidth '><article class='main_color inner-entry'  itemscope=\"itemscope\" itemtype=\"https:\/\/schema.org\/CreativeWork\" ><a href=\"https:\/\/vorsorge.bav.digital\/gls\/bbu\" title='Alles zur betrieblichen Berufsunf\u00e4higkeitsvorsorge'  data-rel='grid-1' class='grid-image avia-hover-fx'> <img decoding=\"async\" width=\"495\" height=\"400\" src=\"https:\/\/vorsorge.bav.digital\/gls\/wp-content\/uploads\/sites\/96\/2017\/10\/istock-629605642-2-495x400.jpg\" class=\"wp-image-1438 avia-img-lazy-loading-not-1438 attachment-portfolio size-portfolio wp-post-image\" alt=\"\" srcset=\"https:\/\/vorsorge.bav.digital\/gls\/wp-content\/uploads\/sites\/96\/2017\/10\/istock-629605642-2-495x400.jpg 495w, https:\/\/vorsorge.bav.digital\/gls\/wp-content\/uploads\/sites\/96\/2017\/10\/istock-629605642-2-845x684.jpg 845w\" sizes=\"(max-width: 495px) 100vw, 495px\" \/><\/a><div class='grid-content'><div class='avia-arrow'><\/div><header class=\"entry-content-header\"><h3 class='grid-entry-title entry-title '  itemprop=\"headline\" >Alles zur betrieblichen Berufsunf\u00e4higkeitsvorsorge<\/h3><\/header><\/div><footer class=\"entry-footer\"><\/footer><\/article><\/div><div data-ajax-id='332' class=' grid-entry flex_column isotope-item all_sort no_margin post-entry post-entry-332 grid-entry-overview grid-loop-3 grid-parity-odd  post-entry-last  bav_sort bav-bu_sort bav-bu-ksp_sort bu_sort bu-ksp_sort  av_one_third  default_av_fullwidth '><article class='main_color inner-entry'  itemscope=\"itemscope\" itemtype=\"https:\/\/schema.org\/CreativeWork\" ><a href=\"https:\/\/vorsorge.bav.digital\/gls\/kontakt\" title='Euer pers\u00f6nlicher Kontakt'  data-rel='grid-1' class='grid-image avia-hover-fx'> <img decoding=\"async\" width=\"495\" height=\"400\" src=\"https:\/\/vorsorge.bav.digital\/gls\/wp-content\/uploads\/sites\/96\/2017\/10\/istock-954008380-2-495x400.jpg\" class=\"wp-image-1442 avia-img-lazy-loading-not-1442 attachment-portfolio size-portfolio wp-post-image\" alt=\"\" srcset=\"https:\/\/vorsorge.bav.digital\/gls\/wp-content\/uploads\/sites\/96\/2017\/10\/istock-954008380-2-495x400.jpg 495w, https:\/\/vorsorge.bav.digital\/gls\/wp-content\/uploads\/sites\/96\/2017\/10\/istock-954008380-2-845x684.jpg 845w\" sizes=\"(max-width: 495px) 100vw, 495px\" \/><\/a><div class='grid-content'><div class='avia-arrow'><\/div><header class=\"entry-content-header\"><h3 class='grid-entry-title entry-title '  itemprop=\"headline\" >Euer pers\u00f6nlicher Kontakt<\/h3><\/header><\/div><footer class=\"entry-footer\"><\/footer><\/article><\/div><\/div><br \/>\n\n<style type=\"text\/css\" data-created_by=\"avia_inline_auto\" id=\"style-css-av-cu50o-432f14dac4bf15c4e26f6f59fd9843f1\">\n#top .hr.hr-invisible.av-cu50o-432f14dac4bf15c4e26f6f59fd9843f1{\nheight:50px;\n}\n<\/style>\n<div  class='hr av-cu50o-432f14dac4bf15c4e26f6f59fd9843f1 hr-invisible  avia-builder-el-13  el_after_av_portfolio  el_before_av_textblock  avia-builder-el-first '><span class='hr-inner '><span class=\"hr-inner-style\"><\/span><\/span><\/div><br \/>\n<section  class='av_textblock_section av-27n6t4-6c8016f37a425e82af850786bfc748ea'  itemscope=\"itemscope\" itemtype=\"https:\/\/schema.org\/CreativeWork\" ><div class='avia_textblock'  itemprop=\"text\" ><p><span class=\"FLIESSTEXT\">* Es k\u00f6nnen H\u00f6chstgrenzen gelten. N\u00e4here Informationen erhaltet Ihr beim pers\u00f6nlichen Beratungsgespr\u00e4ch.<\/span><\/p>\n<\/div><\/section><\/p><\/div><\/div><\/div><\/div><!-- close content main div --><\/div><\/div><div id='after_section_1'  class='main_color av_default_container_wrap container_wrap sidebar_right'  ><div class='container av-section-cont-open' ><div class='template-page content  av-content-small alpha units'><div class='post-entry post-entry-type-page post-entry-1576'><div class='entry-content-wrapper clearfix'>\n","protected":false},"excerpt":{"rendered":"","protected":false},"author":18,"featured_media":0,"parent":0,"menu_order":10,"comment_status":"closed","ping_status":"closed","template":"","meta":{"footnotes":""},"class_list":["post-1576","page","type-page","status-publish","hentry"],"yoast_head":"<!-- This site is optimized with the Yoast SEO plugin v27.4 - https:\/\/yoast.com\/product\/yoast-seo-wordpress\/ -->\n<title>Startseite Kooperationspartner mit wayly-Link - Landing Page GLS<\/title>\n<meta name=\"robots\" content=\"index, follow, max-snippet:-1, max-image-preview:large, max-video-preview:-1\" \/>\n<link rel=\"canonical\" href=\"https:\/\/vorsorge.bav.digital\/gls\/start-3\/\" \/>\n<meta property=\"og:locale\" content=\"de_DE\" \/>\n<meta property=\"og:type\" content=\"article\" \/>\n<meta property=\"og:title\" content=\"Startseite Kooperationspartner mit wayly-Link - Landing Page GLS\" \/>\n<meta property=\"og:url\" content=\"https:\/\/vorsorge.bav.digital\/gls\/start-3\/\" \/>\n<meta property=\"og:site_name\" content=\"Landing Page GLS\" \/>\n<meta property=\"article:modified_time\" content=\"2025-10-15T13:06:11+00:00\" \/>\n<meta name=\"twitter:card\" content=\"summary_large_image\" \/>\n<meta name=\"twitter:label1\" content=\"Gesch\u00e4tzte Lesezeit\" \/>\n\t<meta name=\"twitter:data1\" content=\"3\u00a0Minuten\" \/>\n<script type=\"application\/ld+json\" class=\"yoast-schema-graph\">{\"@context\":\"https:\\\/\\\/schema.org\",\"@graph\":[{\"@type\":\"WebPage\",\"@id\":\"https:\\\/\\\/vorsorge.bav.digital\\\/gls\\\/start-3\\\/\",\"url\":\"https:\\\/\\\/vorsorge.bav.digital\\\/gls\\\/start-3\\\/\",\"name\":\"Startseite Kooperationspartner mit wayly-Link - Landing Page GLS\",\"isPartOf\":{\"@id\":\"https:\\\/\\\/vorsorge.bav.digital\\\/gls\\\/#website\"},\"datePublished\":\"2021-10-29T10:24:19+00:00\",\"dateModified\":\"2025-10-15T13:06:11+00:00\",\"breadcrumb\":{\"@id\":\"https:\\\/\\\/vorsorge.bav.digital\\\/gls\\\/start-3\\\/#breadcrumb\"},\"inLanguage\":\"de\",\"potentialAction\":[{\"@type\":\"ReadAction\",\"target\":[\"https:\\\/\\\/vorsorge.bav.digital\\\/gls\\\/start-3\\\/\"]}]},{\"@type\":\"BreadcrumbList\",\"@id\":\"https:\\\/\\\/vorsorge.bav.digital\\\/gls\\\/start-3\\\/#breadcrumb\",\"itemListElement\":[{\"@type\":\"ListItem\",\"position\":1,\"name\":\"Startseite\",\"item\":\"https:\\\/\\\/vorsorge.bav.digital\\\/gls\\\/\"},{\"@type\":\"ListItem\",\"position\":2,\"name\":\"Startseite Kooperationspartner mit wayly-Link\"}]},{\"@type\":\"WebSite\",\"@id\":\"https:\\\/\\\/vorsorge.bav.digital\\\/gls\\\/#website\",\"url\":\"https:\\\/\\\/vorsorge.bav.digital\\\/gls\\\/\",\"name\":\"Landing Page GLS\",\"description\":\"\",\"potentialAction\":[{\"@type\":\"SearchAction\",\"target\":{\"@type\":\"EntryPoint\",\"urlTemplate\":\"https:\\\/\\\/vorsorge.bav.digital\\\/gls\\\/?s={search_term_string}\"},\"query-input\":{\"@type\":\"PropertyValueSpecification\",\"valueRequired\":true,\"valueName\":\"search_term_string\"}}],\"inLanguage\":\"de\"}]}<\/script>\n<!-- \/ Yoast SEO plugin. -->","yoast_head_json":{"title":"Startseite Kooperationspartner mit wayly-Link - Landing Page GLS","robots":{"index":"index","follow":"follow","max-snippet":"max-snippet:-1","max-image-preview":"max-image-preview:large","max-video-preview":"max-video-preview:-1"},"canonical":"https:\/\/vorsorge.bav.digital\/gls\/start-3\/","og_locale":"de_DE","og_type":"article","og_title":"Startseite Kooperationspartner mit wayly-Link - Landing Page GLS","og_url":"https:\/\/vorsorge.bav.digital\/gls\/start-3\/","og_site_name":"Landing Page GLS","article_modified_time":"2025-10-15T13:06:11+00:00","twitter_card":"summary_large_image","twitter_misc":{"Gesch\u00e4tzte Lesezeit":"3\u00a0Minuten"},"schema":{"@context":"https:\/\/schema.org","@graph":[{"@type":"WebPage","@id":"https:\/\/vorsorge.bav.digital\/gls\/start-3\/","url":"https:\/\/vorsorge.bav.digital\/gls\/start-3\/","name":"Startseite Kooperationspartner mit wayly-Link - Landing Page GLS","isPartOf":{"@id":"https:\/\/vorsorge.bav.digital\/gls\/#website"},"datePublished":"2021-10-29T10:24:19+00:00","dateModified":"2025-10-15T13:06:11+00:00","breadcrumb":{"@id":"https:\/\/vorsorge.bav.digital\/gls\/start-3\/#breadcrumb"},"inLanguage":"de","potentialAction":[{"@type":"ReadAction","target":["https:\/\/vorsorge.bav.digital\/gls\/start-3\/"]}]},{"@type":"BreadcrumbList","@id":"https:\/\/vorsorge.bav.digital\/gls\/start-3\/#breadcrumb","itemListElement":[{"@type":"ListItem","position":1,"name":"Startseite","item":"https:\/\/vorsorge.bav.digital\/gls\/"},{"@type":"ListItem","position":2,"name":"Startseite Kooperationspartner mit wayly-Link"}]},{"@type":"WebSite","@id":"https:\/\/vorsorge.bav.digital\/gls\/#website","url":"https:\/\/vorsorge.bav.digital\/gls\/","name":"Landing Page GLS","description":"","potentialAction":[{"@type":"SearchAction","target":{"@type":"EntryPoint","urlTemplate":"https:\/\/vorsorge.bav.digital\/gls\/?s={search_term_string}"},"query-input":{"@type":"PropertyValueSpecification","valueRequired":true,"valueName":"search_term_string"}}],"inLanguage":"de"}]}},"_links":{"self":[{"href":"https:\/\/vorsorge.bav.digital\/gls\/wp-json\/wp\/v2\/pages\/1576","targetHints":{"allow":["GET"]}}],"collection":[{"href":"https:\/\/vorsorge.bav.digital\/gls\/wp-json\/wp\/v2\/pages"}],"about":[{"href":"https:\/\/vorsorge.bav.digital\/gls\/wp-json\/wp\/v2\/types\/page"}],"author":[{"embeddable":true,"href":"https:\/\/vorsorge.bav.digital\/gls\/wp-json\/wp\/v2\/users\/18"}],"replies":[{"embeddable":true,"href":"https:\/\/vorsorge.bav.digital\/gls\/wp-json\/wp\/v2\/comments?post=1576"}],"version-history":[{"count":16,"href":"https:\/\/vorsorge.bav.digital\/gls\/wp-json\/wp\/v2\/pages\/1576\/revisions"}],"predecessor-version":[{"id":1667,"href":"https:\/\/vorsorge.bav.digital\/gls\/wp-json\/wp\/v2\/pages\/1576\/revisions\/1667"}],"wp:attachment":[{"href":"https:\/\/vorsorge.bav.digital\/gls\/wp-json\/wp\/v2\/media?parent=1576"}],"curies":[{"name":"wp","href":"https:\/\/api.w.org\/{rel}","templated":true}]}}